{"id":117173,"date":"2016-05-26T14:57:34","date_gmt":"2016-05-26T12:57:34","guid":{"rendered":"http:\/\/web.editorialteide.com\/eso\/cuadernos-para-la-educacion-secundaria\/"},"modified":"2022-02-16T09:37:42","modified_gmt":"2022-02-16T08:37:42","slug":"cuadernos-para-la-educacion-secundaria","status":"publish","type":"page","link":"https:\/\/web.editorialteide.com\/ca\/eso\/cuadernos-para-la-educacion-secundaria\/","title":{"rendered":"MATERIAL COMPLEMENTARIO"},"content":{"rendered":"<p>[vc_row][vc_column][vc_column_text]<\/p>\n<p style=\"text-align: center;\"><span style=\"font-size: 20px;\">Editorial Teide dispone de diversas colecciones de cuadernos para la Educaci\u00f3n Secundaria. Las ponemos a disposici\u00f3n del profesorado para ampliar y reforzar la informaci\u00f3n recibida con los libros de texto y en atenci\u00f3n a la diversidad de situaciones que se dan en las aulas.<\/span><\/p>\n<p>[\/vc_column_text][vc_separator][vc_tta_tabs style=&#8221;modern&#8221; color=&#8221;black&#8221; spacing=&#8221;20&#8243; gap=&#8221;20&#8243; alignment=&#8221;center&#8221; active_section=&#8221;1&#8243;][vc_tta_section title=&#8221;CUADERNOS DE REFUERZO&#8221; tab_id=&#8221;1635432375166-a1f3ee08-654b&#8221;][vc_column_text]<span style=\"font-size: 16px;\">Ejercicios de ortograf\u00eda, gram\u00e1tica y l\u00e9xico ocupan las p\u00e1ginas de cada cuaderno para que los alumnos puedan realizarlos por su cuenta y comprueben las soluciones, que se encuentran al final del libro.<\/span><\/p>\n<p><span style=\"font-size: 16px;\">Cuatro cuadernos autocorrectivos, uno para cada curso de la ESO, para el refuerzo del \u00e1rea de Lengua.<\/span><\/p>\n<p style=\"padding-left: 30px;\"><span style=\"color: #333333;\"><strong>1\u00ba ESO:<\/strong> <a style=\"color: #333333;\" href=\"https:\/\/web.editorialteide.com\/ca\/producte\/cuaderno-refuerzo-lengua-castellana-1-eso\/\">978-84-307-4866-2<\/a><\/span><\/p>\n<p style=\"padding-left: 30px;\"><span style=\"color: #333333;\"><strong>2\u00ba ESO:<\/strong> <a style=\"color: #333333;\" href=\"https:\/\/web.editorialteide.com\/ca\/producte\/cuaderno-refuerzo-lengua-castellana-2-eso\/\">978-84-307-4915-7<\/a><\/span><\/p>\n<p style=\"padding-left: 30px;\"><span style=\"color: #333333;\"><strong>3\u00ba ESO:<\/strong> <a style=\"color: #333333;\" href=\"https:\/\/web.editorialteide.com\/ca\/producte\/cuaderno-refuerzo-lengua-castellana-3-eso\/\">978-84-307-4869-3<\/a><\/span><\/p>\n<p style=\"padding-left: 30px;\"><span style=\"color: #333333;\"><strong>4\u00ba ESO:<\/strong> <a style=\"color: #333333;\" href=\"https:\/\/web.editorialteide.com\/ca\/producte\/cuaderno-refuerzo-lengua-castellana-4-eso\/\">978-84-307-4916-4<\/a><\/span><\/p>\n<p>[\/vc_column_text][vc_row_inner][vc_column_inner width=&#8221;1\/5&#8243;][vc_single_image image=&#8221;107416&#8243; img_size=&#8221;140&#215;190&#8243; add_caption=&#8221;yes&#8221; alignment=&#8221;center&#8221; style=&#8221;vc_box_shadow_3d&#8221; onclick=&#8221;custom_link&#8221; link=&#8221;https:\/\/web.editorialteide.com\/producto\/cuaderno-refuerzo-lengua-castellana-1-eso\/&#8221;][\/vc_column_inner][vc_column_inner width=&#8221;1\/5&#8243;][vc_single_image image=&#8221;107422&#8243; img_size=&#8221;140&#215;190&#8243; add_caption=&#8221;yes&#8221; alignment=&#8221;center&#8221; style=&#8221;vc_box_shadow_3d&#8221; onclick=&#8221;custom_link&#8221; link=&#8221;https:\/\/web.editorialteide.com\/producto\/cuaderno-refuerzo-lengua-castellana-2-eso\/&#8221;][\/vc_column_inner][vc_column_inner width=&#8221;1\/5&#8243;][vc_single_image image=&#8221;107418&#8243; img_size=&#8221;140&#215;190&#8243; add_caption=&#8221;yes&#8221; alignment=&#8221;center&#8221; style=&#8221;vc_box_shadow_3d&#8221; onclick=&#8221;custom_link&#8221; link=&#8221;https:\/\/web.editorialteide.com\/producto\/cuaderno-refuerzo-lengua-castellana-3-eso\/&#8221;][\/vc_column_inner][vc_column_inner width=&#8221;1\/5&#8243;][vc_single_image image=&#8221;110494&#8243; img_size=&#8221;140&#215;190&#8243; add_caption=&#8221;yes&#8221; alignment=&#8221;center&#8221; style=&#8221;vc_box_shadow_3d&#8221; onclick=&#8221;custom_link&#8221; link=&#8221;https:\/\/web.editorialteide.com\/producto\/cuaderno-refuerzo-lengua-castellana-4-eso\/&#8221;][\/vc_column_inner][vc_column_inner width=&#8221;1\/5&#8243;][\/vc_column_inner][\/vc_row_inner][\/vc_tta_section][vc_tta_section title=&#8221;COMPETENCIAS B\u00c1SICAS COMUNICATIVAS&#8221; tab_id=&#8221;1635432375180-d53d55ac-cdac&#8221;][vc_column_text]<span style=\"font-size: 16px;\">Cuadernos orientados a ejercitar las cuatro habilidades ling\u00fc\u00edsticas (comprensi\u00f3n lectora, expresi\u00f3n escrita, comprensi\u00f3n oral y expresi\u00f3n oral) y a ampliar el repertorio l\u00e9xico de los usuarios.<\/span><\/p>\n<p><span style=\"font-size: 16px;\">Cuatro cuadernos, uno para cada curso de la ESO, para el trabajo de las competencias b\u00e1sicas comunicativas en lengua castellana.<\/span><\/p>\n<p style=\"padding-left: 30px;\"><span style=\"color: #333333;\"><strong>1\u00ba ESO:<\/strong> <a style=\"color: #333333;\" href=\"http:\/\/web.editorialteide.com\/producto\/competencias-basicas-comunicacion-1-eso\/\">978-84-307-8795-1<\/a><\/span><\/p>\n<p style=\"padding-left: 30px;\"><span style=\"color: #333333;\"><strong>2\u00ba ESO:<\/strong> <a style=\"color: #333333;\" href=\"http:\/\/web.editorialteide.com\/producto\/competencias-basicas-comunicacion-2-eso\/\">978-84-307-8796-8<\/a><\/span><\/p>\n<p style=\"padding-left: 30px;\"><span style=\"color: #333333;\"><strong>3\u00ba ESO:<\/strong> <a style=\"color: #333333;\" href=\"http:\/\/web.editorialteide.com\/producto\/competencias-basicas-comunicacion-3-eso\/\">978-84-307-8797-5<\/a><\/span><\/p>\n<p style=\"padding-left: 30px;\"><span style=\"color: #333333;\"><strong>4\u00ba ESO:<\/strong> <a style=\"color: #333333;\" href=\"http:\/\/web.editorialteide.com\/producto\/competencias-basicas-comunicacion-4-eso\/\">978-84-307-8798-2<\/a><\/span><\/p>\n<p>[\/vc_column_text][vc_row_inner][vc_column_inner width=&#8221;1\/5&#8243;][vc_single_image image=&#8221;108942&#8243; img_size=&#8221;140&#215;190&#8243; add_caption=&#8221;yes&#8221; alignment=&#8221;center&#8221; style=&#8221;vc_box_shadow_3d&#8221; onclick=&#8221;custom_link&#8221; link=&#8221;https:\/\/web.editorialteide.com\/producto\/competencias-basicas-comunicacion-1-eso\/&#8221;][\/vc_column_inner][vc_column_inner width=&#8221;1\/5&#8243;][vc_single_image image=&#8221;108944&#8243; img_size=&#8221;140&#215;190&#8243; add_caption=&#8221;yes&#8221; alignment=&#8221;center&#8221; style=&#8221;vc_box_shadow_3d&#8221; onclick=&#8221;custom_link&#8221; link=&#8221;https:\/\/web.editorialteide.com\/producto\/competencias-basicas-comunicacion-2-eso\/&#8221;][\/vc_column_inner][vc_column_inner width=&#8221;1\/5&#8243;][vc_single_image image=&#8221;108946&#8243; img_size=&#8221;140&#215;190&#8243; add_caption=&#8221;yes&#8221; alignment=&#8221;center&#8221; style=&#8221;vc_box_shadow_3d&#8221; onclick=&#8221;custom_link&#8221; link=&#8221;https:\/\/web.editorialteide.com\/producto\/competencias-basicas-comunicacion-3-eso\/&#8221;][\/vc_column_inner][vc_column_inner width=&#8221;1\/5&#8243;][vc_single_image image=&#8221;108948&#8243; img_size=&#8221;140&#215;190&#8243; add_caption=&#8221;yes&#8221; alignment=&#8221;center&#8221; style=&#8221;vc_box_shadow_3d&#8221; onclick=&#8221;custom_link&#8221; link=&#8221;https:\/\/web.editorialteide.com\/producto\/competencias-basicas-comunicacion-4-eso\/&#8221;][\/vc_column_inner][vc_column_inner width=&#8221;1\/5&#8243;][\/vc_column_inner][\/vc_row_inner][\/vc_tta_section][vc_tta_section title=&#8221;CUADERNOS A.V.E.&#8221; tab_id=&#8221;1635432424300-42b62402-a2e0&#8243;][vc_column_text]<span style=\"font-size: 16px;\">Cuadernos basados en la pr\u00e1ctica, con la que se obtienen los conocimientos b\u00e1sicos de gr<strong>A<\/strong>m\u00e1tica, <strong>V<\/strong>ocabulario y t<strong>E<\/strong>xto, correspondientes a cada curso de la ESO, dirigidos especialmente a alumnado con d\u00e9ficit de atenci\u00f3n y dificultades de aprendizaje.<\/span><\/p>\n<p><span style=\"font-size: 16px;\">Cuatro cuadernos, uno para cada curso de la ESO, para el trabajo pr\u00e1ctico con ejercicios del \u00e1rea de Lengua.<\/span><\/p>\n<p style=\"padding-left: 30px;\"><span style=\"color: #333333;\"><strong>1\u00ba ESO:<\/strong> <a style=\"color: #333333;\" href=\"http:\/\/web.editorialteide.com\/producto\/ave-lengua-castellana-1-eso\/\">978-84-307-4943-0<\/a><\/span><\/p>\n<p style=\"padding-left: 30px;\"><span style=\"color: #333333;\"><strong>2\u00ba ESO:<\/strong> <a style=\"color: #333333;\" href=\"http:\/\/web.editorialteide.com\/producto\/ave-lengua-castellana-2-eso\/\">978-84-307-4944-7<\/a><\/span><\/p>\n<p style=\"padding-left: 30px;\"><span style=\"color: #333333;\"><strong>3\u00ba ESO:<\/strong> <a style=\"color: #333333;\" href=\"http:\/\/web.editorialteide.com\/producto\/ave-lengua-castellana-3-eso\/\">978-84-307-4974-4<\/a><\/span><\/p>\n<p style=\"padding-left: 30px;\"><span style=\"color: #333333;\"><strong>4\u00ba ESO:<\/strong> <a style=\"color: #333333;\" href=\"http:\/\/web.editorialteide.com\/producto\/ave-lengua-castellana-4-eso\/\">978-84-307-4975-1<\/a><\/span><\/p>\n<p>[\/vc_column_text][vc_row_inner][vc_column_inner width=&#8221;1\/5&#8243;][vc_single_image image=&#8221;107450&#8243; img_size=&#8221;140&#215;190&#8243; add_caption=&#8221;yes&#8221; alignment=&#8221;center&#8221; style=&#8221;vc_box_shadow_3d&#8221; onclick=&#8221;custom_link&#8221; link=&#8221;https:\/\/web.editorialteide.com\/producto\/ave-lengua-castellana-1-eso\/&#8221;][\/vc_column_inner][vc_column_inner width=&#8221;1\/5&#8243;][vc_single_image image=&#8221;107452&#8243; img_size=&#8221;140&#215;190&#8243; add_caption=&#8221;yes&#8221; alignment=&#8221;center&#8221; style=&#8221;vc_box_shadow_3d&#8221; onclick=&#8221;custom_link&#8221; link=&#8221;https:\/\/web.editorialteide.com\/producto\/ave-lengua-castellana-2-eso\/&#8221;][\/vc_column_inner][vc_column_inner width=&#8221;1\/5&#8243;][vc_single_image image=&#8221;107466&#8243; img_size=&#8221;140&#215;190&#8243; add_caption=&#8221;yes&#8221; alignment=&#8221;center&#8221; style=&#8221;vc_box_shadow_3d&#8221; onclick=&#8221;custom_link&#8221; link=&#8221;https:\/\/web.editorialteide.com\/producto\/ave-lengua-castellana-3-eso\/&#8221;][\/vc_column_inner][vc_column_inner width=&#8221;1\/5&#8243;][vc_single_image image=&#8221;107468&#8243; img_size=&#8221;140&#215;190&#8243; add_caption=&#8221;yes&#8221; alignment=&#8221;center&#8221; style=&#8221;vc_box_shadow_3d&#8221; onclick=&#8221;custom_link&#8221; link=&#8221;https:\/\/web.editorialteide.com\/producto\/ave-lengua-castellana-4-eso\/&#8221;][\/vc_column_inner][vc_column_inner width=&#8221;1\/5&#8243;][\/vc_column_inner][\/vc_row_inner][\/vc_tta_section][vc_tta_section title=&#8221;CUADERNOS DE ORTOGRAF\u00cdA&#8221; tab_id=&#8221;1635432449218-20b2b88a-c3f4&#8243;][vc_column_text]<span style=\"font-size: 16px;\">Obedeciendo a una metodolog\u00eda inductiva, los cuadernos presentan las reglas b\u00e1sicas de la ortograf\u00eda y fomentan un trabajo reflexivo y pr\u00e1ctico muy eficaz sobre la lengua. Cada uno incluye un solucionario encartado.<\/span><\/p>\n<p><span style=\"font-size: 16px;\">Dos cuadernos correspondientes a los dos primeros cursos de la ESO para el trabajo de la ortograf\u00eda.<\/span><\/p>\n<p style=\"padding-left: 30px;\"><span style=\"color: #333333;\"><strong>1\u00ba ESO<span style=\"color: #333333;\">:<\/span><\/strong> <a style=\"color: #333333;\" href=\"http:\/\/web.editorialteide.com\/producto\/cuaderno-de-ortografia-1-eso\/\">978-84-307-4982-9<\/a><\/span><\/p>\n<p style=\"padding-left: 30px;\"><span style=\"color: #333333;\"><strong>2\u00ba ESO:<\/strong> <a style=\"color: #333333;\" href=\"http:\/\/web.editorialteide.com\/producto\/cuaderno-de-ortografia-2-eso\/\">978-84-307-4983-6<\/a><\/span><\/p>\n<p>[\/vc_column_text][vc_row_inner][vc_column_inner width=&#8221;1\/5&#8243;][vc_single_image image=&#8221;107470&#8243; img_size=&#8221;140&#215;190&#8243; add_caption=&#8221;yes&#8221; alignment=&#8221;center&#8221; style=&#8221;vc_box_shadow_3d&#8221; onclick=&#8221;custom_link&#8221; link=&#8221;https:\/\/web.editorialteide.com\/producto\/cuaderno-de-ortografia-1-eso\/&#8221;][\/vc_column_inner][vc_column_inner width=&#8221;1\/5&#8243;][vc_single_image image=&#8221;107472&#8243; img_size=&#8221;140&#215;190&#8243; add_caption=&#8221;yes&#8221; alignment=&#8221;center&#8221; style=&#8221;vc_box_shadow_3d&#8221; onclick=&#8221;custom_link&#8221; link=&#8221;https:\/\/web.editorialteide.com\/producto\/cuaderno-de-ortografia-2-eso\/&#8221;][\/vc_column_inner][vc_column_inner width=&#8221;1\/5&#8243;][\/vc_column_inner][vc_column_inner width=&#8221;1\/5&#8243;][\/vc_column_inner][vc_column_inner width=&#8221;1\/5&#8243;][\/vc_column_inner][\/vc_row_inner][\/vc_tta_section][vc_tta_section title=&#8221;COLECCI\u00d3N +TEMAS&#8221; tab_id=&#8221;1635432472364-57168ee4-0f6d&#8221;][vc_column_text]<span style=\"font-size: 16px;\">Los cuadernos interpelan eficazmente al usuario y lo conducen entre ejercicios, propuestas y reflexiones hacia un trabajo consciente sobre el uso de la lengua.<\/span><\/p>\n<p><span style=\"font-size: 16px;\"><em><strong>Sintaxis.<\/strong><\/em><\/span><\/p>\n<p><span style=\"font-size: 16px;\">En este cuaderno, distribuido en 32 unidades, se definen los conceptos b\u00e1sicos de la sintaxis. Permite tanto el estudio global de los componentes como el an\u00e1lisis y pr\u00e1ctica detallados de cada concepto.<\/span><\/p>\n<p><span style=\"font-size: 16px;\">Redactado por M. Bericat Bonet, J. M.\u00aa Garrido Almi\u00f1ana y R. Palacios Porras.<\/span><\/p>\n<p><span style=\"color: #333333; font-size: 16px;\"><a style=\"color: #333333;\" href=\"https:\/\/web.editorialteide.com\/ca\/producte\/sintaxis-t\/\"><strong>ISBN<\/strong>\u00a0978-84-307-4533-3<\/a><\/span><\/p>\n<p><em><span style=\"font-size: 16px;\"><strong>Ortograf\u00eda (edici\u00f3n renovada).<\/strong><\/span><\/em><\/p>\n<p><span style=\"font-size: 16px;\">El cuaderno comprende un trabajo sistem\u00e1tico sobre el uso correcto de las letras, la acentuaci\u00f3n, los signos de puntuaci\u00f3n y la numeraci\u00f3n. El enfoque inductivo de las propuestas de trabajo y la autocorrecci\u00f3n reflejan el car\u00e1cter interactivo del material. <\/span><\/p>\n<p><span style=\"font-size: 16px;\">Redactado por R. Alsina Soriano, M.\u00aa Diaz Marcos, J. B. Fortuny Gin\u00e9 y S. Mart\u00ed Ra\u00fcll.<\/span><\/p>\n<p><span style=\"color: #333333; font-size: 16px;\"><a style=\"color: #333333;\" href=\"https:\/\/web.editorialteide.com\/ca\/producte\/ortografia-t-edicion-renovada\/\"><strong>ISBN<\/strong>\u00a0978-84-307-4590-6<\/a><\/span>[\/vc_column_text][vc_row_inner][vc_column_inner width=&#8221;1\/5&#8243;][vc_single_image image=&#8221;107388&#8243; img_size=&#8221;140&#215;190&#8243; add_caption=&#8221;yes&#8221; alignment=&#8221;center&#8221; style=&#8221;vc_box_shadow_3d&#8221; onclick=&#8221;custom_link&#8221; link=&#8221;https:\/\/web.editorialteide.com\/producto\/sintaxis-t\/&#8221;][\/vc_column_inner][vc_column_inner width=&#8221;1\/5&#8243;][vc_single_image image=&#8221;118557&#8243; img_size=&#8221;140&#215;190&#8243; add_caption=&#8221;yes&#8221; alignment=&#8221;center&#8221; style=&#8221;vc_box_shadow_3d&#8221; onclick=&#8221;custom_link&#8221; link=&#8221;https:\/\/web.editorialteide.com\/producto\/ortografia-t-edicion-renovada\/&#8221;][\/vc_column_inner][vc_column_inner width=&#8221;1\/5&#8243;][\/vc_column_inner][vc_column_inner width=&#8221;1\/5&#8243;][\/vc_column_inner][vc_column_inner width=&#8221;1\/5&#8243;][\/vc_column_inner][\/vc_row_inner][\/vc_tta_section][\/vc_tta_tabs][\/vc_column][\/vc_row]<\/p>\n","protected":false},"excerpt":{"rendered":"<p>[vc_row][vc_column][vc_column_text] Editorial Teide dispone de diversas colecciones de cuadernos para la Educaci\u00f3n Secundaria. Las ponemos a disposici\u00f3n del profesorado para ampliar y reforzar la informaci\u00f3n recibida con los libros de texto y en atenci\u00f3n a la diversidad de situaciones que se dan en las aulas. [\/vc_column_text][vc_separator][vc_tta_tabs style=&#8221;modern&#8221; color=&#8221;black&#8221; spacing=&#8221;20&#8243; gap=&#8221;20&#8243; alignment=&#8221;center&#8221; active_section=&#8221;1&#8243;][vc_tta_section title=&#8221;CUADERNOS DE REFUERZO&#8221; &hellip; <a href=\"https:\/\/web.editorialteide.com\/ca\/eso\/cuadernos-para-la-educacion-secundaria\/\">Llegir m\u00e9s<\/a><\/p>\n","protected":false},"author":5,"featured_media":0,"parent":14,"menu_order":0,"comment_status":"closed","ping_status":"closed","template":"","meta":{"footnotes":"","_links_to":"","_links_to_target":""},"class_list":["post-117173","page","type-page","status-publish","hentry"],"_links":{"self":[{"href":"https:\/\/web.editorialteide.com\/ca\/wp-json\/wp\/v2\/pages\/117173","targetHints":{"allow":["GET"]}}],"collection":[{"href":"https:\/\/web.editorialteide.com\/ca\/wp-json\/wp\/v2\/pages"}],"about":[{"href":"https:\/\/web.editorialteide.com\/ca\/wp-json\/wp\/v2\/types\/page"}],"author":[{"embeddable":true,"href":"https:\/\/web.editorialteide.com\/ca\/wp-json\/wp\/v2\/users\/5"}],"replies":[{"embeddable":true,"href":"https:\/\/web.editorialteide.com\/ca\/wp-json\/wp\/v2\/comments?post=117173"}],"version-history":[{"count":11,"href":"https:\/\/web.editorialteide.com\/ca\/wp-json\/wp\/v2\/pages\/117173\/revisions"}],"predecessor-version":[{"id":159827,"href":"https:\/\/web.editorialteide.com\/ca\/wp-json\/wp\/v2\/pages\/117173\/revisions\/159827"}],"up":[{"embeddable":true,"href":"https:\/\/web.editorialteide.com\/ca\/wp-json\/wp\/v2\/pages\/14"}],"wp:attachment":[{"href":"https:\/\/web.editorialteide.com\/ca\/wp-json\/wp\/v2\/media?parent=117173"}],"curies":[{"name":"wp","href":"https:\/\/api.w.org\/{rel}","templated":true}]}}