{"id":145478,"date":"2020-05-22T09:50:37","date_gmt":"2020-05-22T08:50:37","guid":{"rendered":"http:\/\/web.editorialteide.com\/?page_id=145478"},"modified":"2020-06-02T08:23:47","modified_gmt":"2020-06-02T07:23:47","slug":"teide-digital-eva","status":"publish","type":"page","link":"https:\/\/web.editorialteide.com\/ca\/teide-digital-eva\/","title":{"rendered":"Teide Digital &#8211; EVA"},"content":{"rendered":"<p>[vc_row][vc_column css=&#8221;.vc_custom_1589964832597{padding: 0px !important;}&#8221;][vc_single_image image=&#8221;145483&#8243; img_size=&#8221;full&#8221; alignment=&#8221;center&#8221; css=&#8221;.vc_custom_1590602160735{margin-top: 0px !important;margin-right: 0px !important;margin-bottom: 0px !important;margin-left: 0px !important;}&#8221;][\/vc_column][\/vc_row][vc_row][vc_column width=&#8221;1\/2&#8243; css=&#8221;.vc_custom_1589964917499{padding: 0px !important;}&#8221;][vc_hoverbox image=&#8221;145484&#8243; primary_title=&#8221;Llibres digitals &#8216;versus&#8217; llibres digitals multim\u00e8dia&#8221; primary_title_font_container=&#8221;color:%23ffffff&#8221; primary_title_google_fonts=&#8221;font_family:Roboto%3A100%2C100italic%2C300%2C300italic%2Cregular%2Citalic%2C500%2C500italic%2C700%2C700italic%2C900%2C900italic|font_style:400%20regular%3A400%3Anormal&#8221; hover_title=&#8221;&#8221; hover_title_google_fonts=&#8221;font_family:Roboto%3A100%2C100italic%2C300%2C300italic%2Cregular%2Citalic%2C500%2C500italic%2C700%2C700italic%2C900%2C900italic|font_style:400%20regular%3A400%3Anormal&#8221; shape=&#8221;square&#8221; hover_background_color=&#8221;chino&#8221; use_custom_fonts_primary_title=&#8221;true&#8221; use_custom_fonts_hover_title=&#8221;true&#8221;]<\/p>\n<p style=\"text-align: center;\"><span style=\"font-size: 16px; color: #ffffff;\">Els <strong>llibres digitals<\/strong> tenen les mateixes funcionalitats que els llibres digitals multim\u00e8dia, tret de les referents a les activitats interactives, l\u2032activaci\u00f3 o desactivaci\u00f3 de les unitats i la incorporaci\u00f3 de notes en els apartats.<\/span><\/p>\n<p>[\/vc_hoverbox][\/vc_column][vc_column width=&#8221;1\/2&#8243; css=&#8221;.vc_custom_1590602568911{padding: 0px !important;}&#8221;][vc_hoverbox image=&#8221;145485&#8243; primary_title=&#8221;Projectes interdisciplinaris i reptes&#8221; primary_title_font_container=&#8221;color:%23ffffff&#8221; primary_title_google_fonts=&#8221;font_family:Roboto%3A100%2C100italic%2C300%2C300italic%2Cregular%2Citalic%2C500%2C500italic%2C700%2C700italic%2C900%2C900italic|font_style:400%20regular%3A400%3Anormal&#8221; hover_title=&#8221;&#8221; hover_title_google_fonts=&#8221;font_family:Roboto%3A100%2C100italic%2C300%2C300italic%2Cregular%2Citalic%2C500%2C500italic%2C700%2C700italic%2C900%2C900italic|font_style:400%20regular%3A400%3Anormal&#8221; shape=&#8221;square&#8221; hover_background_color=&#8221;chino&#8221; use_custom_fonts_primary_title=&#8221;true&#8221; use_custom_fonts_hover_title=&#8221;true&#8221;]<\/p>\n<p style=\"text-align: center;\"><span style=\"font-size: 16px; color: #ffffff;\">Els <strong>projectes interdisciplinaris i reptes<\/strong> s\u2019integren al mateix entorn que el llibres digitals i multim\u00e8dia. Amb tot, tenen unes funcionalitats pr\u00f2pies al servei de les diferents metodologies de treball.<\/span><\/p>\n<p>[\/vc_hoverbox][\/vc_column][\/vc_row][vc_row][vc_column css=&#8221;.vc_custom_1589964899242{padding: 0px !important;}&#8221;][vc_column_text css=&#8221;.vc_custom_1590603112874{margin-top: 0px !important;margin-right: 0px !important;margin-bottom: 0px !important;margin-left: 0px !important;padding-top: 30px !important;padding-right: 30px !important;padding-bottom: 30px !important;padding-left: 30px !important;background-color: #f88a69 !important;}&#8221;]<\/p>\n<p style=\"text-align: center;\"><span style=\"font-size: 20px; color: #ffffff;\"><b>Caracter\u00edstiques t\u00e8cniques<\/b><\/span><\/p>\n<p>[\/vc_column_text][\/vc_column][\/vc_row][vc_row][vc_column width=&#8221;1\/4&#8243; css=&#8221;.vc_custom_1589964949326{padding: 0px !important;}&#8221;][vc_hoverbox image=&#8221;145487&#8243; primary_title=&#8221;&#8221; primary_title_font_container=&#8221;color:%23ffffff&#8221; primary_title_google_fonts=&#8221;font_family:Roboto%3A100%2C100italic%2C300%2C300italic%2Cregular%2Citalic%2C500%2C500italic%2C700%2C700italic%2C900%2C900italic|font_style:400%20regular%3A400%3Anormal&#8221; hover_title=&#8221;&#8221; hover_title_google_fonts=&#8221;font_family:Roboto%3A100%2C100italic%2C300%2C300italic%2Cregular%2Citalic%2C500%2C500italic%2C700%2C700italic%2C900%2C900italic|font_style:400%20regular%3A400%3Anormal&#8221; shape=&#8221;square&#8221; hover_background_color=&#8221;chino&#8221; use_custom_fonts_primary_title=&#8221;true&#8221; use_custom_fonts_hover_title=&#8221;true&#8221;]<\/p>\n<p style=\"text-align: center;\"><span style=\"color: #ffffff;\">Els llibres digitals tamb\u00e9 es poden integrar dins d\u2019altres entorns, com ara<strong> Moodle<\/strong>, i visualitzar en<strong> nombrosos dispositius:<\/strong> pissarra digital, ordinador, tauleta, <em>chromebook<\/em>, etc.<\/span><\/p>\n<p>[\/vc_hoverbox][\/vc_column][vc_column width=&#8221;1\/4&#8243; css=&#8221;.vc_custom_1589965012678{padding: 0px !important;}&#8221;][vc_hoverbox image=&#8221;145488&#8243; primary_title=&#8221;&#8221; primary_title_font_container=&#8221;color:%23ffffff&#8221; primary_title_google_fonts=&#8221;font_family:Roboto%3A100%2C100italic%2C300%2C300italic%2Cregular%2Citalic%2C500%2C500italic%2C700%2C700italic%2C900%2C900italic|font_style:400%20regular%3A400%3Anormal&#8221; hover_title=&#8221;&#8221; hover_title_google_fonts=&#8221;font_family:Roboto%3A100%2C100italic%2C300%2C300italic%2Cregular%2Citalic%2C500%2C500italic%2C700%2C700italic%2C900%2C900italic|font_style:400%20regular%3A400%3Anormal&#8221; shape=&#8221;square&#8221; hover_background_color=&#8221;chino&#8221; use_custom_fonts_primary_title=&#8221;true&#8221; use_custom_fonts_hover_title=&#8221;true&#8221;]<\/p>\n<p style=\"text-align: center;\"><span style=\"color: #ffffff;\">Aix\u00ed mateix, hi poden accedir alumnes i docents de manera individualitzada mitjan\u00e7ant un sistema d\u2019usuaris integrat.<\/span><\/p>\n<p>[\/vc_hoverbox][\/vc_column][vc_column width=&#8221;1\/4&#8243; css=&#8221;.vc_custom_1589987344859{padding-top: 0px !important;padding-right: 0px !important;padding-bottom: 0px !important;padding-left: 0px !important;}&#8221;][vc_hoverbox image=&#8221;145486&#8243; primary_title=&#8221;&#8221; primary_title_font_container=&#8221;color:%23ffffff&#8221; primary_title_google_fonts=&#8221;font_family:Roboto%3A100%2C100italic%2C300%2C300italic%2Cregular%2Citalic%2C500%2C500italic%2C700%2C700italic%2C900%2C900italic|font_style:400%20regular%3A400%3Anormal&#8221; hover_title=&#8221;&#8221; hover_title_google_fonts=&#8221;font_family:Roboto%3A100%2C100italic%2C300%2C300italic%2Cregular%2Citalic%2C500%2C500italic%2C700%2C700italic%2C900%2C900italic|font_style:400%20regular%3A400%3Anormal&#8221; shape=&#8221;square&#8221; hover_background_color=&#8221;chino&#8221; use_custom_fonts_primary_title=&#8221;true&#8221; use_custom_fonts_hover_title=&#8221;true&#8221;]<\/p>\n<p style=\"text-align: center;\"><span style=\"color: #ffffff;\">L\u2019acc\u00e9s a trav\u00e9s de l\u2019aplicaci\u00f3 permet l\u2019\u00fas dels llibres digitals <em>off line<\/em> (sense que calgui connectar-se a Internet).<\/span><\/p>\n<p>[\/vc_hoverbox][\/vc_column][vc_column width=&#8221;1\/4&#8243; css=&#8221;.vc_custom_1589987374108{padding-top: 0px !important;padding-right: 0px !important;padding-bottom: 0px !important;padding-left: 0px !important;}&#8221;][vc_hoverbox image=&#8221;145489&#8243; primary_title=&#8221;&#8221; primary_title_font_container=&#8221;color:%23ffffff&#8221; primary_title_google_fonts=&#8221;font_family:Roboto%3A100%2C100italic%2C300%2C300italic%2Cregular%2Citalic%2C500%2C500italic%2C700%2C700italic%2C900%2C900italic|font_style:400%20regular%3A400%3Anormal&#8221; hover_title=&#8221;&#8221; hover_title_google_fonts=&#8221;font_family:Roboto%3A100%2C100italic%2C300%2C300italic%2Cregular%2Citalic%2C500%2C500italic%2C700%2C700italic%2C900%2C900italic|font_style:400%20regular%3A400%3Anormal&#8221; shape=&#8221;square&#8221; hover_background_color=&#8221;chino&#8221; use_custom_fonts_primary_title=&#8221;true&#8221; use_custom_fonts_hover_title=&#8221;true&#8221;]<\/p>\n<p style=\"text-align: center;\"><span style=\"color: #ffffff;\">Compatible amb els principals sistemes operatius actuals (Android, iOS, Linux, Windows).<\/span><\/p>\n<p>[\/vc_hoverbox][\/vc_column][\/vc_row][vc_row][vc_column css=&#8221;.vc_custom_1589964832597{padding: 0px !important;}&#8221;][vc_single_image image=&#8221;145490&#8243; img_size=&#8221;full&#8221; alignment=&#8221;center&#8221; css=&#8221;.vc_custom_1590603207783{margin-top: 0px !important;margin-right: 0px !important;margin-bottom: 0px !important;margin-left: 0px !important;}&#8221;][\/vc_column][\/vc_row][vc_row content_placement=&#8221;middle&#8221; css=&#8221;.vc_custom_1589988243640{padding-top: 0px !important;padding-right: 0px !important;padding-bottom: 0px !important;padding-left: 0px !important;}&#8221;][vc_column css=&#8221;.vc_custom_1589966061799{padding: 0px !important;}&#8221;][vc_column_text css=&#8221;.vc_custom_1590603182782{margin-top: 0px !important;margin-right: 0px !important;margin-bottom: 0px !important;margin-left: 0px !important;padding-top: 30px !important;padding-right: 30px !important;padding-bottom: 30px !important;padding-left: 30px !important;background-color: #798fc8 !important;}&#8221;]<\/p>\n<p style=\"text-align: center;\"><span style=\"color: #ffffff;\"><strong><span style=\"font-size: 20px;\">Eines incloses gratu\u00eftament amb els llibres i plans<\/span><\/strong><\/span><\/p>\n<p>[\/vc_column_text][\/vc_column][\/vc_row][vc_row content_placement=&#8221;middle&#8221;][vc_column css=&#8221;.vc_custom_1590044036664{margin: 30px !important;padding: 0px !important;}&#8221;][vc_column_text]<\/p>\n<table style=\"border-collapse: collapse; width: 100%;\">\n<tbody>\n<tr>\n<td style=\"width: 10%; vertical-align: top;\"><span style=\"color: #797ebd; font-size: 16px;\"><img loading=\"lazy\" decoding=\"async\" width=\"82\" height=\"81\" class=\"size-full wp-image-145492 aligncenter\" style=\"padding-right: 15px; width: 100%; max-width: 90px; min-width: 60px;\" src=\"http:\/\/web.editorialteide.com\/wp-content\/uploads\/2020\/05\/7_icona-1.jpg\" alt=\"\" \/><\/span><\/td>\n<td style=\"width: 90%;\"><span style=\"color: #798fc8; font-size: 16px;\"><strong>Activa o desactiva <\/strong>les unitats segons el teu criteri. Pots utilitzar aquesta opci\u00f3 si et cal fer ajustaments excepcionals de curr\u00edculum entre llibres de dos cursos.<\/span><\/td>\n<\/tr>\n<\/tbody>\n<\/table>\n<p>[\/vc_column_text][vc_column_text]<\/p>\n<table style=\"border-collapse: collapse; width: 100%;\">\n<tbody>\n<tr>\n<td style=\"width: 10%; vertical-align: top;\"><span style=\"color: #797ebd; font-size: 16px;\"><img loading=\"lazy\" decoding=\"async\" class=\"size-full wp-image-145492 aligncenter\" style=\"padding-right: 15px; width: 100%; max-width: 90px; min-width: 60px;\" src=\"http:\/\/web.editorialteide.com\/wp-content\/uploads\/2020\/05\/7_icona-2.jpg\" alt=\"\" width=\"82\" height=\"81\" \/><\/span><\/td>\n<td style=\"width: 90;\"><span style=\"font-size: 16px;\"><span style=\"color: #798fc8;\"><strong>Revisa i puntualitza els continguts en l\u00ednia amb notes.<\/strong> Precisa el contingut de cada pantalla del llibre digital multim\u00e8dia amb notes afegibles, aclariments addicionals, exemples, enlla\u00e7os d&#8217;inter\u00e8s&#8230;<\/span><\/span><\/td>\n<\/tr>\n<\/tbody>\n<\/table>\n<p>[\/vc_column_text][vc_column_text]<\/p>\n<table style=\"border-collapse: collapse; width: 100%;\">\n<tbody>\n<tr>\n<td style=\"width: 10%; vertical-align: top;\"><span style=\"color: #797ebd; font-size: 16px;\"><img loading=\"lazy\" decoding=\"async\" class=\"size-full wp-image-145492 aligncenter\" style=\"padding-right: 15px; width: 100%; max-width: 90px; min-width: 60px;\" src=\"http:\/\/web.editorialteide.com\/wp-content\/uploads\/2020\/05\/7_icona-3.jpg\" alt=\"\" width=\"82\" height=\"81\" \/><\/span><\/td>\n<td style=\"width: 90%;\"><span style=\"color: #798fc8; font-size: 16px;\"><strong>Amplia continguts amb el blog.<\/strong> Desenvolupa encara m\u00e9s certs continguts, ofereix explicacions i propostes, i comparteix apunts, imatges o v\u00eddeos.<\/span><\/td>\n<\/tr>\n<\/tbody>\n<\/table>\n<p>[\/vc_column_text][vc_column_text]<\/p>\n<table style=\"border-collapse: collapse; width: 100%;\">\n<tbody>\n<tr>\n<td style=\"width: 10%; vertical-align: top;\"><span style=\"color: #797ebd; font-size: 16px;\"><img loading=\"lazy\" decoding=\"async\" class=\"size-full wp-image-145492 aligncenter\" style=\"padding-right: 15px; width: 100%; max-width: 90px; min-width: 60px;\" src=\"http:\/\/web.editorialteide.com\/wp-content\/uploads\/2020\/05\/7_icona-4.jpg\" alt=\"\" width=\"82\" height=\"81\" \/><\/span><\/td>\n<td style=\"width: 90%;\"><span style=\"color: #798fc8; font-size: 16px;\"><strong>Accedeix a material complementari<\/strong> a l&#8217;apartat \u00abRecursos del professorat\u00bb del llibre digital, com ara proves, fitxes, activitats, enlla\u00e7os, etc.\u00a0<\/span><\/td>\n<\/tr>\n<\/tbody>\n<\/table>\n<p>[\/vc_column_text][vc_column_text]<\/p>\n<table style=\"border-collapse: collapse; width: 100%;\">\n<tbody>\n<tr>\n<td style=\"width: 10%; vertical-align: top;\"><span style=\"color: #797ebd; font-size: 16px;\"><img loading=\"lazy\" decoding=\"async\" class=\"size-full wp-image-145492 aligncenter\" style=\"padding-right: 15px; width: 100%; max-width: 90px; min-width: 60px;\" src=\"http:\/\/web.editorialteide.com\/wp-content\/uploads\/2020\/05\/7_icona-5.jpg\" alt=\"\" width=\"82\" height=\"81\" \/><\/span><\/td>\n<td style=\"width: 90%;\"><span style=\"color: #798fc8; font-size: 16px;\"><strong>Disposa d\u2019activitats per a la pr\u00e0ctica aut\u00f2noma<\/strong>, amb la possibilitat de triar el tipus de tasca que ofereix el llibre digital multim\u00e8dia.\u00a0<\/span><\/p>\n<p><span style=\"color: #798fc8; font-size: 16px;\">El material cont\u00e9 dos tipus d\u2019activitats:<\/span><\/p>\n<p><span style=\"color: #798fc8; font-size: 16px;\">\u2012 Les<strong> activitats autocorrectives<\/strong>, una\u00a0 bona eina per al treball i la pr\u00e0ctica individuals, perqu\u00e8 es poden dur a terme tantes vegades com es vulgui, amb l\u2019avantatge que en pots fer un seguiment acurat.<\/span><\/p>\n<p><span style=\"font-size: 16px;\"><span style=\"color: #798fc8;\">\u2012 Les <strong>activitats obertes<\/strong>, que demanen una resposta m\u00e9s singular, pr\u00f2pia i creativa als alumnes, per\u00f2 exigeixen una correcci\u00f3, una assist\u00e8ncia i una resposta m\u00e9s personalitzades del professorat. El mateix entorn permet tant la tramesa d\u2019aquest tipus d\u2019activitats com el retorn de la teva correcci\u00f3 als alumnes. L\u2019avaluaci\u00f3, fins i tot, hi pot quedar registrada.\u00a0<\/span><\/span><\/td>\n<\/tr>\n<\/tbody>\n<\/table>\n<p>[\/vc_column_text][vc_column_text]<\/p>\n<table style=\"border-collapse: collapse; width: 100%;\">\n<tbody>\n<tr>\n<td style=\"width: 10%; vertical-align: top;\"><span style=\"color: #797ebd; font-size: 16px;\"><img loading=\"lazy\" decoding=\"async\" class=\"size-full wp-image-145492 aligncenter\" style=\"padding-right: 15px; width: 100%; max-width: 90px; min-width: 60px;\" src=\"http:\/\/web.editorialteide.com\/wp-content\/uploads\/2020\/05\/7_icona-6.jpg\" alt=\"\" width=\"82\" height=\"81\" \/><\/span><\/td>\n<td style=\"width: 90%;\"><span style=\"color: #798fc8; font-size: 16px;\"><strong>Prepara paquets d&#8217;activitats a mida <\/strong>amb activitats seleccionades i amb una data l\u00edmit de realitzaci\u00f3, com una manera de programar l&#8217;execuci\u00f3 de la feina o les tasques encomanades. Els paquets d&#8217;activitats autocorrectives generen un informe per alumne\/a.\u00a0<\/span><\/td>\n<\/tr>\n<\/tbody>\n<\/table>\n<p>[\/vc_column_text][\/vc_column][\/vc_row][vc_row][vc_column css=&#8221;.vc_custom_1589964832597{padding: 0px !important;}&#8221;][vc_single_image image=&#8221;145500&#8243; img_size=&#8221;full&#8221; alignment=&#8221;center&#8221; css=&#8221;.vc_custom_1590603240567{margin-top: 0px !important;margin-right: 0px !important;margin-bottom: 0px !important;margin-left: 0px !important;}&#8221;][\/vc_column][\/vc_row][vc_row content_placement=&#8221;middle&#8221;][vc_column css=&#8221;.vc_custom_1589966061799{padding: 0px !important;}&#8221;][vc_column_text css=&#8221;.vc_custom_1590603325861{margin-top: 0px !important;margin-right: 0px !important;margin-bottom: 0px !important;margin-left: 0px !important;padding-top: 30px !important;padding-right: 30px !important;padding-bottom: 30px !important;padding-left: 30px !important;background-color: #f88a69 !important;}&#8221;]<\/p>\n<p style=\"text-align: center;\"><span style=\"font-size: 20px; color: #ffffff;\"><b>En cas de suspensi\u00f3 de classes presencials, t&#8217;afegim m\u00e9s eines sense cap despesa.<\/b><\/span><\/p>\n<p>[\/vc_column_text][\/vc_column][\/vc_row][vc_row content_placement=&#8221;middle&#8221;][vc_column css=&#8221;.vc_custom_1590044066159{margin: 30px !important;padding: 0px !important;}&#8221;][vc_column_text]<\/p>\n<table style=\"border-collapse: collapse; width: 100%; height: 102px;\">\n<tbody>\n<tr style=\"height: 102px;\">\n<td style=\"width: 10%; vertical-align: top;\"><span style=\"color: #797ebd; font-size: 16px;\"><img loading=\"lazy\" decoding=\"async\" class=\"size-full wp-image-145492 aligncenter\" style=\"padding-right: 15px; width: 100%; max-width: 90px; min-width: 60px;\" src=\"http:\/\/web.editorialteide.com\/wp-content\/uploads\/2020\/05\/9_icone-1.jpg\" alt=\"\" width=\"83\" height=\"81\" \/><\/span><\/td>\n<td style=\"width: 90%; height: 102px;\"><span style=\"color: #f88a69; font-size: 16px;\"><strong>Servei de correu en l\u00ednia <\/strong>que et permet un di\u00e0leg senzill amb l&#8217;alumnat, pel fet d&#8217;unificar les vies de comunicaci\u00f3 i els missatges en un sol canal. Aquest servei tamb\u00e9 possibilita establir una rutina hor\u00e0ria i, si cal, trametre missatges simult\u00e0niament als correus externs dels alumnes.\u00a0<\/span><\/td>\n<\/tr>\n<\/tbody>\n<\/table>\n<p>[\/vc_column_text][vc_column_text]<\/p>\n<table style=\"border-collapse: collapse; width: 100%;\">\n<tbody>\n<tr>\n<td style=\"width: 10%; vertical-align: top;\"><span style=\"color: #797ebd; font-size: 16px;\"><img loading=\"lazy\" decoding=\"async\" class=\"size-full wp-image-145492 aligncenter\" style=\"padding-right: 15px; width: 100%; max-width: 90px; min-width: 60px;\" src=\"http:\/\/web.editorialteide.com\/wp-content\/uploads\/2020\/05\/9_icone-2.jpg\" alt=\"\" width=\"83\" height=\"81\" \/><\/span><\/td>\n<td style=\"width: 90%;\"><span style=\"color: #f88a69; font-size: 16px;\"><strong>Documents compartits<\/strong>, espai on pots trametre o compartir material provinent dels recursos dels mateixos llibres o material propi amb l\u2019alumnat.\u00a0<\/span><\/td>\n<\/tr>\n<\/tbody>\n<\/table>\n<p>[\/vc_column_text][vc_column_text]<\/p>\n<table style=\"border-collapse: collapse; width: 100%;\">\n<tbody>\n<tr>\n<td style=\"width: 10%; vertical-align: top;\"><span style=\"color: #797ebd; font-size: 16px;\"><img loading=\"lazy\" decoding=\"async\" class=\"size-full wp-image-145492 aligncenter\" style=\"padding-right: 15px; width: 100%; max-width: 90px; min-width: 60px;\" src=\"http:\/\/web.editorialteide.com\/wp-content\/uploads\/2020\/05\/9_icone-3.jpg\" alt=\"\" width=\"83\" height=\"81\" \/><\/span><\/td>\n<td style=\"width: 90%;\"><span style=\"color: #f88a69; font-size: 16px;\"><strong>La possibilitat d\u2019impartir classes virtuals c\u00f2modament <\/strong>amb el nostre <em><strong>webinar<\/strong><\/em>. Dissenyat espec\u00edficament per a les videoconfer\u00e8ncies did\u00e0ctiques, garanteix l\u2019\u00e8xit de les classes en l\u00ednia amb els teus alumnes.\u00a0<\/span><\/p>\n<p><span style=\"color: #f88a69; font-size: 16px;\">L\u2019entorn virtual d\u2019aprenentatge disposa, tamb\u00e9, d\u2019altres m\u00f2duls de gesti\u00f3 de centres que pots consultar a:\u00a0<\/span><\/p>\n<p><a href=\"https:\/\/web.weeras.com\/\" target=\"_blank\" rel=\"noopener noreferrer\"><img loading=\"lazy\" decoding=\"async\" class=\"alignnone wp-image-145744\" src=\"http:\/\/web.editorialteide.com\/wp-content\/uploads\/2020\/05\/unnamed.png\" alt=\"\" width=\"107\" height=\"25\" \/><\/a><\/td>\n<\/tr>\n<\/tbody>\n<\/table>\n<p>[\/vc_column_text][\/vc_column][\/vc_row]<\/p>\n","protected":false},"excerpt":{"rendered":"<p>[vc_row][vc_column css=&#8221;.vc_custom_1589964832597{padding: 0px !important;}&#8221;][vc_single_image image=&#8221;145483&#8243; img_size=&#8221;full&#8221; alignment=&#8221;center&#8221; css=&#8221;.vc_custom_1590602160735{margin-top: 0px !important;margin-right: 0px !important;margin-bottom: 0px !important;margin-left: 0px !important;}&#8221;][\/vc_column][\/vc_row][vc_row][vc_column width=&#8221;1\/2&#8243; css=&#8221;.vc_custom_1589964917499{padding: 0px !important;}&#8221;][vc_hoverbox image=&#8221;145484&#8243; primary_title=&#8221;Llibres digitals &#8216;versus&#8217; llibres digitals multim\u00e8dia&#8221; primary_title_font_container=&#8221;color:%23ffffff&#8221; primary_title_google_fonts=&#8221;font_family:Roboto%3A100%2C100italic%2C300%2C300italic%2Cregular%2Citalic%2C500%2C500italic%2C700%2C700italic%2C900%2C900italic|font_style:400%20regular%3A400%3Anormal&#8221; hover_title=&#8221;&#8221; hover_title_google_fonts=&#8221;font_family:Roboto%3A100%2C100italic%2C300%2C300italic%2Cregular%2Citalic%2C500%2C500italic%2C700%2C700italic%2C900%2C900italic|font_style:400%20regular%3A400%3Anormal&#8221; shape=&#8221;square&#8221; hover_background_color=&#8221;chino&#8221; use_custom_fonts_primary_title=&#8221;true&#8221; use_custom_fonts_hover_title=&#8221;true&#8221;] Els llibres digitals tenen les mateixes funcionalitats que els llibres digitals multim\u00e8dia, tret de les referents a les activitats interactives, &hellip; <a href=\"https:\/\/web.editorialteide.com\/ca\/teide-digital-eva\/\">Llegir m\u00e9s<\/a><\/p>\n","protected":false},"author":4,"featured_media":0,"parent":0,"menu_order":0,"comment_status":"closed","ping_status":"closed","template":"","meta":{"footnotes":"","_links_to":"","_links_to_target":""},"class_list":["post-145478","page","type-page","status-publish","hentry"],"_links":{"self":[{"href":"https:\/\/web.editorialteide.com\/ca\/wp-json\/wp\/v2\/pages\/145478","targetHints":{"allow":["GET"]}}],"collection":[{"href":"https:\/\/web.editorialteide.com\/ca\/wp-json\/wp\/v2\/pages"}],"about":[{"href":"https:\/\/web.editorialteide.com\/ca\/wp-json\/wp\/v2\/types\/page"}],"author":[{"embeddable":true,"href":"https:\/\/web.editorialteide.com\/ca\/wp-json\/wp\/v2\/users\/4"}],"replies":[{"embeddable":true,"href":"https:\/\/web.editorialteide.com\/ca\/wp-json\/wp\/v2\/comments?post=145478"}],"version-history":[{"count":0,"href":"https:\/\/web.editorialteide.com\/ca\/wp-json\/wp\/v2\/pages\/145478\/revisions"}],"wp:attachment":[{"href":"https:\/\/web.editorialteide.com\/ca\/wp-json\/wp\/v2\/media?parent=145478"}],"curies":[{"name":"wp","href":"https:\/\/api.w.org\/{rel}","templated":true}]}}