{"id":145506,"date":"2020-05-22T10:34:52","date_gmt":"2020-05-22T09:34:52","guid":{"rendered":"http:\/\/web.editorialteide.com\/?page_id=145506"},"modified":"2020-06-03T09:42:23","modified_gmt":"2020-06-03T08:42:23","slug":"teide-digital-plans-primaria","status":"publish","type":"page","link":"https:\/\/web.editorialteide.com\/ca\/teide-digital-plans-primaria\/","title":{"rendered":"Teide Digital &#8211; Plans Prim\u00e0ria"},"content":{"rendered":"<p>[vc_row][vc_column css=&#8221;.vc_custom_1589964832597{padding: 0px !important;}&#8221;][vc_single_image image=&#8221;145528&#8243; img_size=&#8221;full&#8221; alignment=&#8221;center&#8221; css=&#8221;.vc_custom_1590609776020{margin-top: 0px !important;margin-right: 0px !important;margin-bottom: 0px !important;margin-left: 0px !important;}&#8221;][\/vc_column][\/vc_row][vc_row][vc_column width=&#8221;1\/4&#8243; css=&#8221;.vc_custom_1589964949326{padding: 0px !important;}&#8221;][vc_single_image image=&#8221;145529&#8243; img_size=&#8221;full&#8221; alignment=&#8221;center&#8221; onclick=&#8221;custom_link&#8221; css=&#8221;.vc_custom_1590658027109{margin-top: 0px !important;margin-right: 0px !important;margin-bottom: 0px !important;margin-left: 0px !important;}&#8221; link=&#8221;https:\/\/web.editorialteide.com\/ca\/teide-digital-plans-primaria\/#llibres_digitals&#8221;][\/vc_column][vc_column width=&#8221;1\/4&#8243; css=&#8221;.vc_custom_1589965012678{padding: 0px !important;}&#8221;][vc_single_image image=&#8221;145530&#8243; img_size=&#8221;full&#8221; alignment=&#8221;center&#8221; onclick=&#8221;custom_link&#8221; css=&#8221;.vc_custom_1590657867707{margin-top: 0px !important;margin-right: 0px !important;margin-bottom: 0px !important;margin-left: 0px !important;}&#8221; link=&#8221;https:\/\/web.editorialteide.com\/ca\/teide-digital-plans-primaria\/#projectes&#8221;][\/vc_column][vc_column width=&#8221;1\/4&#8243; css=&#8221;.vc_custom_1590652161343{padding-top: 0px !important;padding-right: 0px !important;padding-bottom: 0px !important;padding-left: 0px !important;}&#8221;][vc_single_image image=&#8221;145531&#8243; img_size=&#8221;full&#8221; alignment=&#8221;center&#8221; onclick=&#8221;custom_link&#8221; css=&#8221;.vc_custom_1590658067666{margin-top: 0px !important;margin-right: 0px !important;margin-bottom: 0px !important;margin-left: 0px !important;}&#8221; link=&#8221;https:\/\/web.editorialteide.com\/ca\/teide-digital-plans-primaria\/#lectures_primaria&#8221; el_id=&#8221;https:\/\/web.editorialteide.com\/ca\/teide-digital-plans-primaria\/#lectures&#8221;][\/vc_column][vc_column width=&#8221;1\/4&#8243; css=&#8221;.vc_custom_1590652170080{padding-top: 0px !important;padding-right: 0px !important;padding-bottom: 0px !important;padding-left: 0px !important;}&#8221;][vc_single_image image=&#8221;145532&#8243; img_size=&#8221;full&#8221; alignment=&#8221;center&#8221; onclick=&#8221;custom_link&#8221; css=&#8221;.vc_custom_1590657943670{margin-top: 0px !important;margin-right: 0px !important;margin-bottom: 0px !important;margin-left: 0px !important;}&#8221; link=&#8221;https:\/\/web.editorialteide.com\/ca\/teide-digital-plans-primaria\/#proposta_combinada&#8221;][\/vc_column][\/vc_row][vc_row equal_height=&#8221;yes&#8221; el_id=&#8221;minitribu&#8221;][vc_column width=&#8221;1\/3&#8243; css=&#8221;.vc_custom_1590062354249{padding-top: 0px !important;padding-right: 0px !important;padding-bottom: 0px !important;padding-left: 0px !important;background-color: #fbebd3 !important;}&#8221;][vc_single_image image=&#8221;145535&#8243; img_size=&#8221;full&#8221; onclick=&#8221;custom_link&#8221; css=&#8221;.vc_custom_1591173723212{margin-top: 0px !important;margin-right: 0px !important;margin-bottom: 0px !important;margin-left: 0px !important;background-color: #fbebd3 !important;}&#8221; link=&#8221;https:\/\/web.editorialteide.com\/ca\/formulari-de-contacte\/&#8221;][\/vc_column][vc_column width=&#8221;2\/3&#8243; css=&#8221;.vc_custom_1590658018189{padding-top: 5% !important;padding-right: 5% !important;padding-bottom: 5% !important;padding-left: 5% !important;}&#8221; el_id=&#8221;llibres_digitals&#8221;][vc_column_text]<\/p>\n<table style=\"border-collapse: collapse; width: 100%; height: 60px;\">\n<tbody>\n<tr style=\"height: 60px;\">\n<td style=\"width: 10%; vertical-align: top;\"><img loading=\"lazy\" decoding=\"async\" class=\"alignnone size-full wp-image-145540\" style=\"padding-right: 15px; width: 100% max-width: 80px; min-width: 60px;\" src=\"http:\/\/web.editorialteide.com\/wp-content\/uploads\/2020\/05\/4_icona-taronja-1.jpg\" alt=\"\" width=\"81\" height=\"81\" \/><\/td>\n<td style=\"height: 60px;\"><span style=\"color: #e0961d;\"><strong>Llibres per a l&#8217;alumnat.<\/strong> Amb tots els continguts curriculars per al curs 2020-2021 segons l&#8217;etapa, el curs i l&#8217;\u00e0rea d&#8217;aprenentatge. Amb retorn de les activitats cap als mestres, amb una avaluaci\u00f3 competencial i amb la possibilitat d&#8217;una adaptaci\u00f3 personalitzada a la\u00a0 diversitat de l&#8217;aula.<\/span><\/td>\n<\/tr>\n<\/tbody>\n<\/table>\n<p>[\/vc_column_text][vc_column_text]<\/p>\n<table style=\"border-collapse: collapse; width: 100%;\">\n<tbody>\n<tr>\n<td style=\"width: 10%; vertical-align: top;\"><img loading=\"lazy\" decoding=\"async\" class=\"alignnone size-full wp-image-145540\" style=\"padding-right: 15px; width: 100% max-width: 80px; min-width: 60px;\" src=\"http:\/\/web.editorialteide.com\/wp-content\/uploads\/2020\/05\/4_icona-taronja-2.jpg\" alt=\"\" width=\"81\" height=\"81\" \/><\/td>\n<td style=\"width: 90%;\"><span style=\"color: #e0961d;\"><strong>Recursos digitals per a l&#8217;aula i el professorat.<\/strong> Amb continguts i activitats que permeten aprofitar al m\u00e0xim els recursos tecnol\u00f2gics disponibles a l&#8217;aula i un conjunt d&#8217;eines (guies, fitxes d&#8217;ampliaci\u00f3 i refor\u00e7, propostes de treball i d&#8217;avaluaci\u00f3 competencials) adaptables a les necessitats de cada moment.<\/span><\/td>\n<\/tr>\n<\/tbody>\n<\/table>\n<p>[\/vc_column_text][vc_column_text]<\/p>\n<table style=\"border-collapse: collapse; width: 100%;\">\n<tbody>\n<tr>\n<td style=\"width: 10%; vertical-align: top;\"><img loading=\"lazy\" decoding=\"async\" class=\"alignnone size-full wp-image-145540\" style=\"padding-right: 15px; width: 100% max-width: 80px; min-width: 60px;\" src=\"http:\/\/web.editorialteide.com\/wp-content\/uploads\/2020\/05\/4_icona-taronja-3.jpg\" alt=\"\" width=\"81\" height=\"81\" \/><\/td>\n<td style=\"width: 90%;\"><span style=\"color: #e0961d;\"><strong>Recursos espec\u00edfics d&#8217;estiu,<\/strong> per recuperar coneixements i arribar al nou curs 2020-2021 en les millors condicions d&#8217;aprenentatge.<\/span><\/td>\n<\/tr>\n<\/tbody>\n<\/table>\n<p>[\/vc_column_text][\/vc_column][\/vc_row][vc_row equal_height=&#8221;yes&#8221; el_id=&#8221;mates_lengua&#8221;][vc_column width=&#8221;1\/3&#8243; css=&#8221;.vc_custom_1590068526264{padding-top: 0px !important;padding-right: 0px !important;padding-bottom: 0px !important;padding-left: 0px !important;background-color: #e1f2ec !important;}&#8221;][vc_single_image image=&#8221;145536&#8243; img_size=&#8221;full&#8221; onclick=&#8221;custom_link&#8221; css=&#8221;.vc_custom_1591173728834{margin-top: 0px !important;margin-right: 0px !important;margin-bottom: 0px !important;margin-left: 0px !important;background-color: #e1f2ec !important;}&#8221; link=&#8221;https:\/\/web.editorialteide.com\/ca\/formulari-de-contacte\/&#8221;][\/vc_column][vc_column width=&#8221;2\/3&#8243; css=&#8221;.vc_custom_1590657851212{border-bottom-width: 5% !important;padding-top: 5% !important;padding-right: 5% !important;padding-left: 5% !important;}&#8221; el_id=&#8221;projectes&#8221;][vc_column_text]<\/p>\n<table style=\"border-collapse: collapse; width: 100%;\">\n<tbody>\n<tr>\n<td style=\"width: 10%; vertical-align: top;\"><img loading=\"lazy\" decoding=\"async\" class=\"alignnone size-full wp-image-145540\" style=\"padding-right: 15px; width: 100% max-width: 80px; min-width: 60px;\" src=\"http:\/\/web.editorialteide.com\/wp-content\/uploads\/2020\/05\/4_icona-verda-1.jpg\" alt=\"\" width=\"81\" height=\"81\" \/><\/td>\n<td style=\"width: 90%;\"><span style=\"color: #4faa8c;\"><strong>Projectes interdisciplinaris,\u00a0<\/strong>amb un complet conjunt de propostes de treball transversal i col\u00b7laboratiu per aprofundir en l&#8217;assoliment d&#8217;aprenentatges significatius i competencials sempre en un context proper i estimulant per a l&#8217;alumnat.<\/span><\/td>\n<\/tr>\n<\/tbody>\n<\/table>\n<p>[\/vc_column_text][vc_column_text]<\/p>\n<table style=\"border-collapse: collapse; width: 100%;\">\n<tbody>\n<tr>\n<td style=\"width: 10%; vertical-align: top;\"><img loading=\"lazy\" decoding=\"async\" class=\"alignnone size-full wp-image-145540\" style=\"padding-right: 15px; width: 100% max-width: 80px; min-width: 60px;\" src=\"http:\/\/web.editorialteide.com\/wp-content\/uploads\/2020\/05\/4_icona-verda-2.jpg\" alt=\"\" width=\"81\" height=\"81\" \/><\/td>\n<td style=\"width: 90%;\"><span style=\"color: #4faa8c;\"><strong>Reptes. <\/strong>Dissenyats per a l&#8217;\u00e0mbit ling\u00fc\u00edstic i les \u00e0rees de Llengua catalana i Lengua castellana de primer i segon curs. L&#8217;aprenentatge per reptes constitueix una innovadora proposta per aprendre i ensenyar les lleng\u00fces en context, amb l&#8217;est\u00edmul d&#8217;un desafiament engrescador.<\/span><\/td>\n<\/tr>\n<\/tbody>\n<\/table>\n<p>[\/vc_column_text][\/vc_column][\/vc_row][vc_row equal_height=&#8221;yes&#8221;][vc_column width=&#8221;1\/3&#8243; css=&#8221;.vc_custom_1590652873308{padding-top: 0px !important;padding-right: 0px !important;padding-bottom: 0px !important;padding-left: 0px !important;background-color: #d7dcef !important;}&#8221;][vc_single_image image=&#8221;145534&#8243; img_size=&#8221;full&#8221; onclick=&#8221;custom_link&#8221; css=&#8221;.vc_custom_1591173737620{margin-top: 0px !important;margin-right: 0px !important;margin-bottom: 0px !important;margin-left: 0px !important;background-color: #e1f2ec !important;}&#8221; link=&#8221;https:\/\/web.editorialteide.com\/ca\/formulari-de-contacte\/&#8221;][\/vc_column][vc_column width=&#8221;2\/3&#8243; css=&#8221;.vc_custom_1590658041105{border-bottom-width: 5% !important;padding-top: 5% !important;padding-right: 5% !important;padding-left: 5% !important;}&#8221; el_id=&#8221;lectures_primaria&#8221;][vc_row_inner][vc_column_inner][vc_column_text]<\/p>\n<table style=\"border-collapse: collapse; width: 100%;\">\n<tbody>\n<tr>\n<td style=\"width: 10%; vertical-align: top;\"><img loading=\"lazy\" decoding=\"async\" class=\"alignnone size-full wp-image-145540\" style=\"padding-right: 15px; width: 100% max-width: 80px; min-width: 60px;\" src=\"http:\/\/web.editorialteide.com\/wp-content\/uploads\/2020\/05\/4_icona-lila.jpg\" alt=\"\" width=\"81\" height=\"81\" \/><\/td>\n<td style=\"width: 90%;\"><span style=\"color: #798fc8;\">Una eina per fomentar la lectura en les generacions de nadius digitals i alhora optimmmitzar la despesa en materials complementaris.<\/span><\/p>\n<p><span style=\"color: #798fc8;\">Totes les nostres lectures estan adaptades a l&#8217;edat del lector\/a i compten amb abundants il\u00b7lustracions.<\/span><\/p>\n<p><span style=\"color: #798fc8;\">*Les lectures de Prim\u00e0ria inclouen un quadern de treball per a l&#8217;alumnat i les indicacions did\u00e0ctiques per al professorat.<\/span><\/p>\n<p><span style=\"color: #798fc8;\">*Disposem tamb\u00e9 de plans lectors.<\/span><\/td>\n<\/tr>\n<\/tbody>\n<\/table>\n<p>[\/vc_column_text][vc_btn title=&#8221;Cicle inicial de Prim\u00e0ria&#8221; style=&#8221;custom&#8221; custom_background=&#8221;#3f589a&#8221; custom_text=&#8221;#ffffff&#8221; shape=&#8221;round&#8221; size=&#8221;sm&#8221; align=&#8221;center&#8221; link=&#8221;url:https%3A%2F%2Fweb.editorialteide.com%2Fca%2Flectures%2F|||&#8221;][vc_btn title=&#8221;Cicle mitj\u00e0 i superior de Prim\u00e0ria&#8221; style=&#8221;custom&#8221; custom_background=&#8221;#3f589a&#8221; custom_text=&#8221;#ffffff&#8221; shape=&#8221;round&#8221; size=&#8221;sm&#8221; align=&#8221;center&#8221; link=&#8221;url:https%3A%2F%2Fweb.editorialteide.com%2Fca%2Flectures-de-segon-i-tercer-cicle%2F|||&#8221;][\/vc_column_inner][\/vc_row_inner][\/vc_column][\/vc_row][vc_row equal_height=&#8221;yes&#8221;][vc_column width=&#8221;1\/3&#8243; css=&#8221;.vc_custom_1590652896669{padding-top: 0px !important;padding-right: 0px !important;padding-bottom: 0px !important;padding-left: 0px !important;background-color: #edf1d6 !important;}&#8221;][vc_single_image image=&#8221;145537&#8243; img_size=&#8221;full&#8221; onclick=&#8221;custom_link&#8221; css=&#8221;.vc_custom_1591173714489{margin-top: 0px !important;margin-right: 0px !important;margin-bottom: 0px !important;margin-left: 0px !important;background-color: #e1f2ec !important;}&#8221; link=&#8221;https:\/\/web.editorialteide.com\/ca\/formulari-de-contacte\/&#8221;][\/vc_column][vc_column width=&#8221;2\/3&#8243; css=&#8221;.vc_custom_1590657924268{border-bottom-width: 5% !important;padding-top: 5% !important;padding-right: 5% !important;padding-left: 5% !important;}&#8221; el_id=&#8221;proposta_combinada&#8221;][vc_column_text]<\/p>\n<table style=\"border-collapse: collapse; width: 100%;\">\n<tbody>\n<tr>\n<td style=\"width: 10%; vertical-align: top;\"><img loading=\"lazy\" decoding=\"async\" class=\"alignnone size-full wp-image-145540\" style=\"padding-right: 15px; width: 100% max-width: 80px; min-width: 60px;\" src=\"http:\/\/web.editorialteide.com\/wp-content\/uploads\/2020\/05\/7_icona-1-1.jpg\" alt=\"\" width=\"81\" height=\"81\" \/><\/td>\n<td style=\"width: 90%;\"><span style=\"color: #c4d378;\">Cada cop s\u00f3n m\u00e9s els mestres que busquen materials que els aportin flexibilitat i adaptabilitat a l&#8217;aula, sense renunciar a un treball sistematitzat al llarg del curs.<\/span><\/td>\n<\/tr>\n<\/tbody>\n<\/table>\n<p>[\/vc_column_text][vc_column_text]<\/p>\n<table style=\"border-collapse: collapse; width: 100%;\">\n<tbody>\n<tr>\n<td style=\"width: 10%; vertical-align: top;\"><img loading=\"lazy\" decoding=\"async\" class=\"alignnone size-full wp-image-145540\" style=\"padding-right: 15px; width: 100% max-width: 80px; min-width: 60px;\" src=\"http:\/\/web.editorialteide.com\/wp-content\/uploads\/2020\/05\/7_icona-2-1.jpg\" alt=\"\" width=\"81\" height=\"81\" \/><\/td>\n<td style=\"width: 90%;\"><span style=\"color: #c4d378;\">L&#8217;alumnat disposa dels continguts curriculars dels cursos 2019-2020 i 2020-2021 en format digital aix\u00ed com d&#8217;un quadern de treball en paper. <\/span><\/p>\n<p><span style=\"color: #c4d378;\">El professorat disposa d&#8217;un conjunt d&#8217;eines (guies, fitxes d&#8217;ampliaci\u00f3 i refor\u00e7, propostes de treball i d&#8217;avaluaci\u00f3 competencials) adaptables a les necessitats de cada moment.<\/span><\/td>\n<\/tr>\n<\/tbody>\n<\/table>\n<p>[\/vc_column_text][\/vc_column][\/vc_row]<\/p>\n","protected":false},"excerpt":{"rendered":"<p>[vc_row][vc_column css=&#8221;.vc_custom_1589964832597{padding: 0px !important;}&#8221;][vc_single_image image=&#8221;145528&#8243; img_size=&#8221;full&#8221; alignment=&#8221;center&#8221; css=&#8221;.vc_custom_1590609776020{margin-top: 0px !important;margin-right: 0px !important;margin-bottom: 0px !important;margin-left: 0px !important;}&#8221;][\/vc_column][\/vc_row][vc_row][vc_column width=&#8221;1\/4&#8243; css=&#8221;.vc_custom_1589964949326{padding: 0px !important;}&#8221;][vc_single_image image=&#8221;145529&#8243; img_size=&#8221;full&#8221; alignment=&#8221;center&#8221; onclick=&#8221;custom_link&#8221; css=&#8221;.vc_custom_1590658027109{margin-top: 0px !important;margin-right: 0px !important;margin-bottom: 0px !important;margin-left: 0px !important;}&#8221; link=&#8221;https:\/\/web.editorialteide.com\/ca\/teide-digital-plans-primaria\/#llibres_digitals&#8221;][\/vc_column][vc_column width=&#8221;1\/4&#8243; css=&#8221;.vc_custom_1589965012678{padding: 0px !important;}&#8221;][vc_single_image image=&#8221;145530&#8243; img_size=&#8221;full&#8221; alignment=&#8221;center&#8221; onclick=&#8221;custom_link&#8221; css=&#8221;.vc_custom_1590657867707{margin-top: 0px !important;margin-right: 0px !important;margin-bottom: 0px !important;margin-left: 0px !important;}&#8221; link=&#8221;https:\/\/web.editorialteide.com\/ca\/teide-digital-plans-primaria\/#projectes&#8221;][\/vc_column][vc_column width=&#8221;1\/4&#8243; css=&#8221;.vc_custom_1590652161343{padding-top: 0px &hellip; <a href=\"https:\/\/web.editorialteide.com\/ca\/teide-digital-plans-primaria\/\">Llegir m\u00e9s<\/a><\/p>\n","protected":false},"author":4,"featured_media":0,"parent":0,"menu_order":0,"comment_status":"closed","ping_status":"closed","template":"","meta":{"footnotes":"","_links_to":"","_links_to_target":""},"class_list":["post-145506","page","type-page","status-publish","hentry"],"_links":{"self":[{"href":"https:\/\/web.editorialteide.com\/ca\/wp-json\/wp\/v2\/pages\/145506","targetHints":{"allow":["GET"]}}],"collection":[{"href":"https:\/\/web.editorialteide.com\/ca\/wp-json\/wp\/v2\/pages"}],"about":[{"href":"https:\/\/web.editorialteide.com\/ca\/wp-json\/wp\/v2\/types\/page"}],"author":[{"embeddable":true,"href":"https:\/\/web.editorialteide.com\/ca\/wp-json\/wp\/v2\/users\/4"}],"replies":[{"embeddable":true,"href":"https:\/\/web.editorialteide.com\/ca\/wp-json\/wp\/v2\/comments?post=145506"}],"version-history":[{"count":0,"href":"https:\/\/web.editorialteide.com\/ca\/wp-json\/wp\/v2\/pages\/145506\/revisions"}],"wp:attachment":[{"href":"https:\/\/web.editorialteide.com\/ca\/wp-json\/wp\/v2\/media?parent=145506"}],"curies":[{"name":"wp","href":"https:\/\/api.w.org\/{rel}","templated":true}]}}