{"id":145960,"date":"2020-03-31T16:40:02","date_gmt":"2020-03-31T16:40:02","guid":{"rendered":"http:\/\/web.editorialteide.com\/teidencasa\/"},"modified":"2020-06-03T11:34:53","modified_gmt":"2020-06-03T10:34:53","slug":"teidencasa","status":"publish","type":"page","link":"https:\/\/web.editorialteide.com\/ca\/teidencasa\/","title":{"rendered":"#teidencasa"},"content":{"rendered":"<p>[vc_row css=&#8221;.vc_custom_1585739393004{padding-right: 10px !important;padding-left: 10px !important;}&#8221;][vc_column][vc_row_inner equal_height=&#8221;yes&#8221; content_placement=&#8221;top&#8221;][vc_column_inner width=&#8221;4\/5&#8243;][vc_column_text]<\/p>\n<p style=\"text-align: justify;\"><span style=\"font-size: 16px;\">Estimados\/as.<\/span><\/p>\n<p style=\"text-align: justify;\"><span style=\"font-size: 16px;\">Dada la excepcionalidad del momento, desde <span style=\"color: #333333;\">Editorial Teide<\/span> ponemos a tu disposici\u00f3n y a la de tus alumnos nuestros contenidos digitales en abierto para la <span style=\"color: #333333;\"><strong>Educaci\u00f3n Infantil<\/strong><\/span>, la <span style=\"color: #333333;\"><strong>Educaci\u00f3n Primaria,<\/strong><\/span> la <span style=\"color: #333333;\"><strong>Educaci\u00f3n Secundaria<\/strong><\/span> y el <span style=\"color: #333333;\"><strong>Bachillerato<\/strong><\/span>.<\/span><\/p>\n<p>[\/vc_column_text][vc_custom_heading text=&#8221;Puedes optar entre tres formatos:&#8221; font_container=&#8221;tag:h4|text_align:left|color:%23595959&#8243; google_fonts=&#8221;font_family:Basic%3Aregular|font_style:400%20regular%3A400%3Anormal&#8221;][vc_empty_space height=&#8221;5px&#8221;][\/vc_column_inner][vc_column_inner width=&#8221;1\/5&#8243;][\/vc_column_inner][\/vc_row_inner][vc_row_inner equal_height=&#8221;yes&#8221; content_placement=&#8221;middle&#8221;][vc_column_inner width=&#8221;4\/5&#8243;][vc_message message_box_style=&#8221;solid-icon&#8221; message_box_color=&#8221;grey&#8221; icon_fontawesome=&#8221;fas fa-sign-in-alt&#8221;]<\/p>\n<p style=\"text-align: justify;\"><span style=\"font-size: 16px;\"><strong>Licencias gen\u00e9ricas<\/strong> <strong>en nuestro entorno virtual<\/strong>, que posibilitan el acceso a contenidos y la realizaci\u00f3n de actividades interactivas.<\/span><\/p>\n<p>[\/vc_message][vc_message message_box_style=&#8221;solid-icon&#8221; message_box_color=&#8221;grey&#8221; icon_fontawesome=&#8221;fas fa-user-circle&#8221;]<\/p>\n<p style=\"text-align: justify;\"><span style=\"font-size: 16px;\"><strong>Licencias personalizadas<\/strong>, que adem\u00e1s te permitir\u00e1n comunicarte con el alumnado, compartir documentos, efectuar un seguimiento de las actividades realizadas, enviarles \u00abpaquetes de actividades\u00bb y efectuar la correcci\u00f3n de las actividades de respuesta abierta.<\/span><\/p>\n<p>[\/vc_message][vc_message message_box_style=&#8221;solid-icon&#8221; message_box_color=&#8221;grey&#8221; icon_fontawesome=&#8221;fas fa-file-csv&#8221;]<\/p>\n<p style=\"text-align: justify;\"><span style=\"font-size: 16px;\"><strong>Licencias en formato CSV<\/strong>, compatibles con el Moodle de tu centro.<\/span><\/p>\n<p>[\/vc_message][\/vc_column_inner][vc_column_inner width=&#8221;1\/5&#8243;][vc_single_image image=&#8221;142462&#8243; img_size=&#8221;170&#215;170&#8243; alignment=&#8221;center&#8221;][\/vc_column_inner][\/vc_row_inner][vc_row_inner][vc_column_inner width=&#8221;4\/5&#8243;][vc_column_text]<\/p>\n<p style=\"text-align: justify;\"><span style=\"font-size: 16px;\">Contacta con tu promotor de zona o con nosotros a trav\u00e9s de la direcci\u00f3n electr\u00f3nica <span style=\"color: #333333;\"><strong><a style=\"color: #333333;\" href=\"mailto:info@editorialteide.com\">info@editorialteide.com<\/a> <\/strong><\/span>y dinos c\u00f3mo te podemos ayudar.<\/span><\/p>\n<p style=\"text-align: justify;\"><span style=\"font-size: 16px;\">Cu\u00eddate.<\/span><\/p>\n<p style=\"text-align: justify;\"><span style=\"font-size: 16px;\">Todo ir\u00e1 bien <img loading=\"lazy\" decoding=\"async\" class=\"alignnone size-full wp-image-142519\" src=\"http:\/\/web.editorialteide.com\/wp-content\/uploads\/2020\/03\/baseline_favorite_border_black_18dp.png\" alt=\"\" width=\"18\" height=\"18\" \/>\u00a0<\/span><\/p>\n<p>[\/vc_column_text][\/vc_column_inner][vc_column_inner width=&#8221;1\/5&#8243;][\/vc_column_inner][\/vc_row_inner][\/vc_column][\/vc_row]<\/p>\n","protected":false},"excerpt":{"rendered":"<p>[vc_row css=&#8221;.vc_custom_1585739393004{padding-right: 10px !important;padding-left: 10px !important;}&#8221;][vc_column][vc_row_inner equal_height=&#8221;yes&#8221; content_placement=&#8221;top&#8221;][vc_column_inner width=&#8221;4\/5&#8243;][vc_column_text] Estimados\/as. Dada la excepcionalidad del momento, desde Editorial Teide ponemos a tu disposici\u00f3n y a la de tus alumnos nuestros contenidos digitales en abierto para la Educaci\u00f3n Infantil, la Educaci\u00f3n Primaria, la Educaci\u00f3n Secundaria y el Bachillerato. [\/vc_column_text][vc_custom_heading text=&#8221;Puedes optar entre tres formatos:&#8221; font_container=&#8221;tag:h4|text_align:left|color:%23595959&#8243; google_fonts=&#8221;font_family:Basic%3Aregular|font_style:400%20regular%3A400%3Anormal&#8221;][vc_empty_space height=&#8221;5px&#8221;][\/vc_column_inner][vc_column_inner &hellip; <a href=\"https:\/\/web.editorialteide.com\/ca\/teidencasa\/\">Llegir m\u00e9s<\/a><\/p>\n","protected":false},"author":3,"featured_media":0,"parent":0,"menu_order":0,"comment_status":"closed","ping_status":"closed","template":"","meta":{"footnotes":"","_links_to":"","_links_to_target":""},"class_list":["post-145960","page","type-page","status-publish","hentry"],"_links":{"self":[{"href":"https:\/\/web.editorialteide.com\/ca\/wp-json\/wp\/v2\/pages\/145960","targetHints":{"allow":["GET"]}}],"collection":[{"href":"https:\/\/web.editorialteide.com\/ca\/wp-json\/wp\/v2\/pages"}],"about":[{"href":"https:\/\/web.editorialteide.com\/ca\/wp-json\/wp\/v2\/types\/page"}],"author":[{"embeddable":true,"href":"https:\/\/web.editorialteide.com\/ca\/wp-json\/wp\/v2\/users\/3"}],"replies":[{"embeddable":true,"href":"https:\/\/web.editorialteide.com\/ca\/wp-json\/wp\/v2\/comments?post=145960"}],"version-history":[{"count":0,"href":"https:\/\/web.editorialteide.com\/ca\/wp-json\/wp\/v2\/pages\/145960\/revisions"}],"wp:attachment":[{"href":"https:\/\/web.editorialteide.com\/ca\/wp-json\/wp\/v2\/media?parent=145960"}],"curies":[{"name":"wp","href":"https:\/\/api.w.org\/{rel}","templated":true}]}}