{"id":148551,"date":"2020-06-30T14:44:59","date_gmt":"2020-06-30T13:44:59","guid":{"rendered":"http:\/\/web.editorialteide.com\/?page_id=148551"},"modified":"2020-07-15T08:24:37","modified_gmt":"2020-07-15T07:24:37","slug":"emocionat-cat","status":"publish","type":"page","link":"https:\/\/web.editorialteide.com\/ca\/emocionat-cat\/","title":{"rendered":"Emociona&#8217;t"},"content":{"rendered":"<p>[vc_row css=&#8221;.vc_custom_1593778614268{padding-top: 0px !important;padding-right: 0px !important;padding-bottom: 0px !important;padding-left: 0px !important;}&#8221;][vc_column width=&#8221;1\/6&#8243; css=&#8221;.vc_custom_1593778641180{padding-top: 0px !important;padding-right: 0px !important;padding-bottom: 0px !important;padding-left: 0px !important;}&#8221;][vc_custom_heading text=&#8221;Emociona&#8217;t projecte&#8221; font_container=&#8221;tag:h2|font_size:14|text_align:center|color:%23539cc4&#8243; google_fonts=&#8221;font_family:Roboto%3A100%2C100italic%2C300%2C300italic%2Cregular%2Citalic%2C500%2C500italic%2C700%2C700italic%2C900%2C900italic|font_style:400%20regular%3A400%3Anormal&#8221; link=&#8221;url:http%3A%2F%2Fweb.editorialteide.com%2Fca%2Femocionat-cat%2F%23Emocionat_projecte|||&#8221; css=&#8221;.vc_custom_1593763782056{margin: 0px !important;}&#8221;][\/vc_column][vc_column width=&#8221;1\/6&#8243; css=&#8221;.vc_custom_1593778651927{padding-top: 0px !important;padding-right: 0px !important;padding-bottom: 0px !important;padding-left: 0px !important;}&#8221;][vc_custom_heading text=&#8221;Matem\u00e0tiques&#8221; font_container=&#8221;tag:h2|font_size:14|text_align:center|color:%23539cc4&#8243; google_fonts=&#8221;font_family:Roboto%3A100%2C100italic%2C300%2C300italic%2Cregular%2Citalic%2C500%2C500italic%2C700%2C700italic%2C900%2C900italic|font_style:400%20regular%3A400%3Anormal&#8221; link=&#8221;url:http%3A%2F%2Fweb.editorialteide.com%2Fca%2Femocionat-cat%2F%23Mates_Emocionat|||&#8221; el_id=&#8221;https:\/\/web.editorialteide.com\/ca\/emocionat-cat\/#Mates_Emocionat&#8221; css=&#8221;.vc_custom_1593763796192{margin: 0px !important;}&#8221;][\/vc_column][vc_column width=&#8221;1\/6&#8243; css=&#8221;.vc_custom_1593763745387{padding: 0px !important;}&#8221;][vc_custom_heading text=&#8221;Llengua&#8221; font_container=&#8221;tag:h2|font_size:14|text_align:center|color:%23539cc4&#8243; google_fonts=&#8221;font_family:Roboto%3A100%2C100italic%2C300%2C300italic%2Cregular%2Citalic%2C500%2C500italic%2C700%2C700italic%2C900%2C900italic|font_style:400%20regular%3A400%3Anormal&#8221; el_id=&#8221;https:\/\/web.editorialteide.com\/ca\/emocionat-cat\/#Llengua_Emocionat&#8221; link=&#8221;url:http%3A%2F%2Fweb.editorialteide.com%2Fca%2Femocionat-cat%2F%23Llengua_Emocionat|||&#8221; css=&#8221;.vc_custom_1593763804033{margin: 0px !important;}&#8221;][\/vc_column][vc_column width=&#8221;1\/6&#8243; css=&#8221;.vc_custom_1593763754891{padding: 0px !important;}&#8221;][vc_custom_heading text=&#8221;Coneixement del medi&#8221; font_container=&#8221;tag:h2|font_size:14|text_align:center|color:%23539cc4&#8243; google_fonts=&#8221;font_family:Roboto%3A100%2C100italic%2C300%2C300italic%2Cregular%2Citalic%2C500%2C500italic%2C700%2C700italic%2C900%2C900italic|font_style:400%20regular%3A400%3Anormal&#8221; el_id=&#8221;https:\/\/web.editorialteide.com\/ca\/emocionat-cat\/#Medi_Emocionat&#8221; link=&#8221;url:http%3A%2F%2Fweb.editorialteide.com%2Fca%2Femocionat-cat%2F%23Medi_Emocionat|||&#8221; css=&#8221;.vc_custom_1593763818437{margin: 0px !important;}&#8221;][\/vc_column][vc_column width=&#8221;1\/6&#8243; css=&#8221;.vc_custom_1593763762779{padding: 0px !important;}&#8221;][vc_custom_heading text=&#8221;TeideKids&#8221; font_container=&#8221;tag:h2|font_size:14|text_align:center|color:%23539cc4&#8243; google_fonts=&#8221;font_family:Roboto%3A100%2C100italic%2C300%2C300italic%2Cregular%2Citalic%2C500%2C500italic%2C700%2C700italic%2C900%2C900italic|font_style:400%20regular%3A400%3Anormal&#8221; el_id=&#8221;https:\/\/web.editorialteide.com\/ca\/emocionat-cat\/#TeideKids&#8221; link=&#8221;url:http%3A%2F%2Fweb.editorialteide.com%2Fca%2Femocionat-cat%2F%23TeideKids|||&#8221; css=&#8221;.vc_custom_1593763811347{margin: 0px !important;}&#8221;][\/vc_column][vc_column width=&#8221;1\/6&#8243; css=&#8221;.vc_custom_1593763772835{padding: 0px !important;}&#8221;][vc_custom_heading text=&#8221;Qu\u00e8 n&#8217;opinen?&#8221; font_container=&#8221;tag:h2|font_size:14|text_align:center|color:%23539cc4&#8243; google_fonts=&#8221;font_family:Roboto%3A100%2C100italic%2C300%2C300italic%2Cregular%2Citalic%2C500%2C500italic%2C700%2C700italic%2C900%2C900italic|font_style:400%20regular%3A400%3Anormal&#8221; el_id=&#8221;https:\/\/web.editorialteide.com\/ca\/emocionat-cat\/#Opinions_Emocionat&#8221; link=&#8221;url:http%3A%2F%2Fweb.editorialteide.com%2Fca%2Femocionat-cat%2F%23Opinions_Emocionat|||&#8221; css=&#8221;.vc_custom_1593763826870{margin: 0px !important;}&#8221;][\/vc_column][\/vc_row][vc_row css=&#8221;.vc_custom_1593768225614{padding: 0px !important;}&#8221;][vc_column css=&#8221;.vc_custom_1594366210983{padding-top: 0px !important;padding-right: 0px !important;padding-bottom: 0px !important;padding-left: 0px !important;background-position: center !important;background-repeat: no-repeat !important;background-size: cover !important;}&#8221;][vc_empty_space height=&#8221;20px&#8221;][vc_images_carousel images=&#8221;148711,148713,148712&#8243; img_size=&#8221;full&#8221; onclick=&#8221;custom_link&#8221; autoplay=&#8221;yes&#8221; hide_pagination_control=&#8221;yes&#8221; wrap=&#8221;yes&#8221; css=&#8221;.vc_custom_1594366205138{margin: 0px !important;background-position: center !important;background-repeat: no-repeat !important;background-size: cover !important;}&#8221;][\/vc_column][\/vc_row][vc_row el_id=&#8221;Emocionat_projecte&#8221;][vc_column css=&#8221;.vc_custom_1594366139453{padding-top: 0px !important;padding-right: 0px !important;padding-bottom: 0px !important;padding-left: 0px !important;background-color: #dddddd !important;}&#8221;][vc_column_text css=&#8221;.vc_custom_1594797853479{margin-top: 20px !important;margin-right: 0px !important;margin-bottom: 20px !important;margin-left: 0px !important;}&#8221;]<\/p>\n<div class=\"container\">\n<div class=\"vc_row wpb_row vc_row-fluid\">\n<div class=\"wpb_column vc_column_container vc_col-sm-12\">\n<div class=\"vc_column-inner\">\n<div class=\"wpb_wrapper\">\n<h3 style=\"text-align: center;\"><span style=\"color: #539cc4; font-size: 20px;\"><strong>Emociona\u2019t<\/strong>\u00a0\u00e9s un projecte transversal d\u2019editorial\u00a0<strong>Teide\u00a0<\/strong>per al Cicle Inicial de l\u2019Educaci\u00f3 Prim\u00e0ria\u00a0que ofereix als mestres i les escoles l\u2019oportunitat d\u2019escollir entre un conjunt coherent de materials educatius aquells que s\u2019ajusten millor a la voluntat de cada equip docent.<\/span><\/h3>\n<h2 style=\"text-align: center;\"><\/h2>\n<h2 class=\"vc_custom_heading vc_custom_1545319827778\" style=\"text-align: center;\"><\/h2>\n<\/div>\n<\/div>\n<\/div>\n<\/div>\n<\/div>\n<p>[\/vc_column_text][\/vc_column][\/vc_row][vc_row][vc_column css=&#8221;.vc_custom_1593512364238{padding: 0px !important;}&#8221;][vc_empty_space][vc_column_text css=&#8221;.vc_custom_1593764947920{margin-top: 0px !important;margin-right: 0px !important;margin-bottom: 0px !important;margin-left: 0px !important;}&#8221;]<\/p>\n<div class=\"container\">\n<div class=\"vc_row wpb_row vc_row-fluid\">\n<div class=\"wpb_column vc_column_container vc_col-sm-12\">\n<div class=\"vc_column-inner\">\n<div class=\"wpb_wrapper\">\n<h2 class=\"vc_custom_heading vc_custom_1545319827778\" style=\"text-align: center;\"><strong><span style=\"color: #539cc4;\">LLIURES PER ENSENYAR I PER APRENDRE<\/span><\/strong><\/h2>\n<p>&nbsp;<\/p>\n<\/div>\n<\/div>\n<\/div>\n<\/div>\n<\/div>\n<div class=\"container\">\n<div class=\"vc_row wpb_row vc_row-fluid linea_gris vc_custom_1548154651502\">\n<div class=\"wpb_column vc_column_container vc_col-sm-3\">\n<div class=\"vc_column-inner\">\n<div class=\"wpb_wrapper\">\n<div class=\"wpb_text_column wpb_content_element \">\n<div class=\"wpb_wrapper\">\n<p><img loading=\"lazy\" decoding=\"async\" class=\"size-full wp-image-81 aligncenter\" src=\"http:\/\/emociona-t.editorialteide.com\/wp-content\/uploads\/2018\/12\/icono_lupa.png\" alt=\"\" width=\"169\" height=\"178\" \/><\/p>\n<p style=\"text-align: center;\"><span style=\"color: #888888;\">Cada proposta d\u2019aprenentatge \u00e9s un repte real per a l\u2019alumnat. Un repte en context, que permet un aprenentatge amb sentit.<\/span><\/p>\n<p>&nbsp;<\/p>\n<\/div>\n<\/div>\n<\/div>\n<\/div>\n<\/div>\n<div class=\"wpb_column vc_column_container vc_col-sm-3\">\n<div class=\"vc_column-inner\">\n<div class=\"wpb_wrapper\">\n<div class=\"wpb_text_column wpb_content_element \">\n<div class=\"wpb_wrapper\">\n<p><img loading=\"lazy\" decoding=\"async\" class=\"size-full wp-image-80 aligncenter\" src=\"http:\/\/emociona-t.editorialteide.com\/wp-content\/uploads\/2018\/12\/icono_corazon.png\" alt=\"\" width=\"171\" height=\"178\" \/><\/p>\n<p style=\"text-align: center;\"><span style=\"color: #888888;\"><strong>Veritablement modular i flexible.<\/strong>\u00a0Amb el suport d\u2019una avaluaci\u00f3 formativa, que ajuda l\u2019alumnat a millorar l\u2019aprenentatge i als docents a regular les accions educatives.<\/span><\/p>\n<p>&nbsp;<\/p>\n<\/div>\n<\/div>\n<\/div>\n<\/div>\n<\/div>\n<div class=\"wpb_column vc_column_container vc_col-sm-3\">\n<div class=\"vc_column-inner\">\n<div class=\"wpb_wrapper\">\n<div class=\"wpb_text_column wpb_content_element \">\n<div class=\"wpb_wrapper\">\n<p><img loading=\"lazy\" decoding=\"async\" class=\"size-full wp-image-79 aligncenter\" src=\"http:\/\/emociona-t.editorialteide.com\/wp-content\/uploads\/2018\/12\/icono_smile.png\" alt=\"\" width=\"168\" height=\"178\" \/><\/p>\n<p style=\"text-align: center;\"><span style=\"color: #888888;\"><strong>Il\u00b7lusionador, din\u00e0mic i motivador.<\/strong>\u00a0Sense emoci\u00f3 no hi pot haver aprenentatge.<\/span><\/p>\n<p>&nbsp;<\/p>\n<\/div>\n<\/div>\n<\/div>\n<\/div>\n<\/div>\n<div class=\"wpb_column vc_column_container vc_col-sm-3\">\n<div class=\"vc_column-inner\">\n<div class=\"wpb_wrapper\">\n<div class=\"wpb_text_column wpb_content_element \">\n<div class=\"wpb_wrapper\">\n<p><img loading=\"lazy\" decoding=\"async\" class=\"size-full wp-image-78 aligncenter\" src=\"http:\/\/emociona-t.editorialteide.com\/wp-content\/uploads\/2018\/12\/icono_tablet.png\" alt=\"\" width=\"170\" height=\"178\" \/><\/p>\n<p style=\"text-align: center;\"><span style=\"color: #888888;\"><strong>Que integra de forma natural l\u2019\u00fas de recursos digitals<\/strong>\u00a0a trav\u00e9s de la pissarra digital de l\u2019aula o mitjan\u00e7ant dispositius personals.<\/span><\/p>\n<\/div>\n<\/div>\n<\/div>\n<\/div>\n<\/div>\n<\/div>\n<\/div>\n<p>[\/vc_column_text][vc_empty_space height=&#8221;10px&#8221;][vc_separator border_width=&#8221;2&#8243; css=&#8221;.vc_custom_1593514645537{margin-bottom: 0px !important;}&#8221;][\/vc_column][\/vc_row][vc_row equal_height=&#8221;yes&#8221; content_placement=&#8221;middle&#8221; el_id=&#8221;Mates_Emocionat&#8221;][vc_column width=&#8221;1\/2&#8243; css=&#8221;.vc_custom_1593512791096{padding-top: 0px !important;padding-right: 0px !important;padding-bottom: 0px !important;padding-left: 0px !important;}&#8221;][vc_single_image image=&#8221;148547&#8243; img_size=&#8221;full&#8221; alignment=&#8221;center&#8221; css=&#8221;.vc_custom_1593512290619{margin: 0px !important;}&#8221;][\/vc_column][vc_column width=&#8221;1\/2&#8243; css=&#8221;.vc_custom_1593766790274{margin: 10px !important;padding: 0px !important;}&#8221;][vc_column_text css=&#8221;.vc_custom_1593514607488{margin: 30px !important;}&#8221;]<img loading=\"lazy\" decoding=\"async\" class=\"alignnone size-full wp-image-32\" src=\"http:\/\/emociona-t.editorialteide.com\/wp-content\/uploads\/2018\/12\/emonciona-t-matematiques.png\" alt=\"\" width=\"262\" height=\"65\" \/><\/p>\n<ul style=\"text-align: left;\">\n<li><span style=\"color: #888888;\">Quadern\u00a0<strong>CONEIXEM I TRANSFORMEM ELS NOMBRES<\/strong><\/span><\/li>\n<li><span style=\"color: #888888;\">Quadern\u00a0<strong>ESPAI I FORMA<\/strong><\/span><\/li>\n<li><span style=\"color: #888888;\">Quadern\u00a0<strong>INVESTIGUEM. RESOLUCI\u00d3 DE PROBLEMES<\/strong><\/span><\/li>\n<li><span style=\"color: #888888;\">Quadern\u00a0<strong>ESTRAT\u00c8GIES DE C\u00c0LCUL<\/strong><\/span><\/li>\n<li><span style=\"color: #888888;\"><strong>MATERIAL MANIPULATIU<\/strong><\/span><\/li>\n<li><span style=\"color: #888888;\"><strong>ENTORN DIGITAL DE SUPORT<\/strong>\u00a0per a la pissarra digital d\u2019aula o dispositius personals<\/span><\/li>\n<\/ul>\n<p style=\"text-align: left;\"><span style=\"color: #888888;\">La proposta Emociona\u2019t de Matem\u00e0tiques \u00e9s obra de\u00a0<strong>Llu\u00eds Segarra<\/strong>, un expert en did\u00e0ctica d\u2019aquest \u00e0mbit. Tota la seq\u00fc\u00e8ncia queda lligada de forma transversal a trav\u00e9s d\u2019unes\u00a0<strong>unitats temporals\u00a0<\/strong>(<strong>UT<\/strong>). Unes propostes obertes i, alhora, estructurades per assegurar la presentaci\u00f3 ordenada de totes les compet\u00e8ncies.<\/span><\/p>\n<p style=\"text-align: left;\"><a class=\"vp-a\" href=\"https:\/\/vimeo.com\/311657351\"><img decoding=\"async\" class=\"vp-img\" src=\"http:\/\/emociona-t.editorialteide.com\/wp-content\/uploads\/2019\/01\/btn_veure_video.png\" \/><\/a><\/p>\n<p>[\/vc_column_text][\/vc_column][\/vc_row][vc_row equal_height=&#8221;yes&#8221; content_placement=&#8221;middle&#8221; el_id=&#8221;Llengua_Emocionat&#8221;][vc_column width=&#8221;1\/2&#8243; css=&#8221;.vc_custom_1593766776702{margin: 10px !important;padding: 0px !important;}&#8221;][vc_column_text css=&#8221;.vc_custom_1593514594137{margin: 30px !important;}&#8221;]<img loading=\"lazy\" decoding=\"async\" class=\"alignnone size-full wp-image-52\" src=\"http:\/\/emociona-t.editorialteide.com\/wp-content\/uploads\/2018\/12\/emociona-t-llengua.png\" alt=\"\" width=\"244\" height=\"60\" \/><\/p>\n<ul>\n<li><span style=\"color: #888888;\">Carpeta amb 3 reptes de\u00a0<strong>COMPRENSI\u00d3 LECTORA<\/strong><\/span><\/li>\n<li><span style=\"color: #888888;\">Carpeta amb 3 reptes d\u2019<strong>EXPRESSI\u00d3 ESCRITA<\/strong><\/span><\/li>\n<li><span style=\"color: #888888;\">Carpeta amb 3 reptes de\u00a0<strong>COMUNICACI\u00d3 ORAL<\/strong><\/span><\/li>\n<li><span style=\"color: #888888;\"><strong>ENTORN DIGITAL DE SUPORT<\/strong>\u00a0per a la pissarra digital d\u2019aula o dispositius personals<\/span><\/li>\n<\/ul>\n<p><img loading=\"lazy\" decoding=\"async\" class=\"alignnone size-full wp-image-53\" src=\"http:\/\/emociona-t.editorialteide.com\/wp-content\/uploads\/2018\/12\/emociona-t-llengua-castellan.png\" alt=\"\" width=\"282\" height=\"62\" \/><\/p>\n<ul>\n<li><span style=\"color: #888888;\">Quadern amb 2 reptes de\u00a0<strong>COMPRENSI\u00d3 LECTORA<\/strong><\/span><\/li>\n<li><span style=\"color: #888888;\">Quadern amb 2 reptes d\u2019<strong>EXPRESSI\u00d3 ESCRITA<\/strong><\/span><\/li>\n<li><span style=\"color: #888888;\">Quadern amb 2 reptes de\u00a0<strong>COMUNICACI\u00d3 ORAL<\/strong><\/span><\/li>\n<li><span style=\"color: #888888;\"><strong>ENTORN DIGITAL DE SUPORT<\/strong>\u00a0per a la pissarra digital d\u2019aula o dispositius personals<\/span><\/li>\n<\/ul>\n<p><a class=\"vp-a\" href=\"https:\/\/vimeo.com\/311657329\"><img decoding=\"async\" class=\"vp-img\" src=\"http:\/\/emociona-t.editorialteide.com\/wp-content\/uploads\/2019\/01\/btn_veure_video.png\" \/><\/a>[\/vc_column_text][\/vc_column][vc_column width=&#8221;1\/2&#8243; css=&#8221;.vc_custom_1593512765992{padding: 0px !important;}&#8221;][vc_single_image image=&#8221;148548&#8243; img_size=&#8221;full&#8221; alignment=&#8221;center&#8221; css=&#8221;.vc_custom_1593512749036{margin-top: 0px !important;margin-right: 0px !important;margin-bottom: 0px !important;margin-left: 0px !important;}&#8221;][\/vc_column][\/vc_row][vc_row equal_height=&#8221;yes&#8221; content_placement=&#8221;middle&#8221; el_id=&#8221;Medi_Emocionat&#8221;][vc_column width=&#8221;1\/2&#8243; css=&#8221;.vc_custom_1593513148521{padding: 0px !important;}&#8221;][vc_single_image image=&#8221;148549&#8243; img_size=&#8221;full&#8221; alignment=&#8221;center&#8221; css=&#8221;.vc_custom_1593513152674{margin-top: 0px !important;margin-right: 0px !important;margin-bottom: 0px !important;margin-left: 0px !important;}&#8221;][\/vc_column][vc_column width=&#8221;1\/2&#8243; css=&#8221;.vc_custom_1593766765725{margin: 10px !important;padding: 0px !important;}&#8221;][vc_column_text css=&#8221;.vc_custom_1593514555605{margin-top: 30px !important;margin-right: 30px !important;margin-bottom: 30px !important;margin-left: 30px !important;}&#8221;]<img loading=\"lazy\" decoding=\"async\" class=\"alignnone size-full wp-image-54\" src=\"http:\/\/emociona-t.editorialteide.com\/wp-content\/uploads\/2018\/12\/emociona-t-medi.png\" alt=\"\" width=\"251\" height=\"79\" \/><\/p>\n<ul>\n<li><span style=\"color: #888888; font-size: 14px;\">Quaderns de\u00a0<strong>PRIMER CURS<br \/>\n(3 quaderns de Coneixement del medi natural i 3 de Coneixement del medi social)<\/strong><\/span><\/li>\n<li><span style=\"color: #888888; font-size: 14px;\">Quaderns de\u00a0<strong>SEGON CURS<br \/>\n(4 quaderns de Coneixement del medi natural i altres 4 de Coneixement del medi social)<\/strong><\/span><\/li>\n<li><span style=\"color: #888888; font-size: 14px;\"><strong>ENTORN DIGITAL DE SUPORT<\/strong>\u00a0per a la pissarra digital d\u2019aula o dispositius personals<\/span><\/li>\n<\/ul>\n<p><span style=\"color: #888888; font-size: 14px;\">La col\u00b7lecci\u00f3 Duna de materials de Coneixement del medi ha estat revisada i incorporada a la proposta Emociona\u2019t, amb una especial ampliaci\u00f3 dels recursos digitals i multim\u00e8dia.<\/span><\/p>\n<p><a class=\"vp-a\" href=\"https:\/\/vimeo.com\/311657319\"><img decoding=\"async\" class=\"vp-img\" src=\"http:\/\/emociona-t.editorialteide.com\/wp-content\/uploads\/2019\/01\/btn_veure_video.png\" \/><\/a>[\/vc_column_text][\/vc_column][\/vc_row][vc_row equal_height=&#8221;yes&#8221; content_placement=&#8221;middle&#8221; el_id=&#8221;TeideKids&#8221;][vc_column width=&#8221;1\/2&#8243; css=&#8221;.vc_custom_1593766747985{margin: 10px !important;padding: 0px !important;}&#8221;][vc_column_text css=&#8221;.vc_custom_1593514579079{margin-top: 30px !important;margin-right: 30px !important;margin-bottom: 30px !important;margin-left: 30px !important;}&#8221;]<img loading=\"lazy\" decoding=\"async\" class=\"alignnone size-full wp-image-55\" src=\"http:\/\/emociona-t.editorialteide.com\/wp-content\/uploads\/2018\/12\/teide-kids.png\" alt=\"\" width=\"183\" height=\"99\" \/><\/p>\n<ul>\n<li><span style=\"color: #888888; font-size: 14px;\">Quaderns del\u00a0<strong>PROJECTE (10 quaderns per cicle)<\/strong><\/span><\/li>\n<li><span style=\"color: #888888; font-size: 14px;\">Entorn Virtual d\u2019Aprenentatge (EVA)<\/span><\/li>\n<\/ul>\n<p><span style=\"color: #888888; font-size: 14px;\"><strong>TeideProjectes Kids \u00e9s una soluci\u00f3 pedag\u00f2gica integral per treballar per projectes, amb la globalitzaci\u00f3 de totes les \u00e0rees per a 1r, 2n i 3r curs.<\/strong>\u00a0La seq\u00fc\u00e8ncia did\u00e0ctica es presenta en un entorn digital intu\u00eftiu que es comparteix a la pissarra digital amb tota la classe. En l\u2019entorn virtual es recullen mostres dels treballs col\u00b7lectius per compartir-les amb les fam\u00edlies.<\/span><\/p>\n<p><span style=\"color: #888888; font-size: 14px;\">Si vols saber m\u00e9s sobre TeideProjectes, pots visitar el web<\/span><\/p>\n<p><span style=\"font-size: 14px;\"><a href=\"http:\/\/www.teideprojectes.com\/\" target=\"_blank\" rel=\"noopener noreferrer\">www.teideprojectes.com<\/a><\/span>[\/vc_column_text][\/vc_column][vc_column width=&#8221;1\/2&#8243; css=&#8221;.vc_custom_1593513216409{padding: 0px !important;}&#8221;][vc_single_image image=&#8221;148550&#8243; img_size=&#8221;full&#8221; alignment=&#8221;center&#8221; css=&#8221;.vc_custom_1593513207858{margin-top: 0px !important;margin-right: 0px !important;margin-bottom: 0px !important;margin-left: 0px !important;}&#8221;][\/vc_column][\/vc_row][vc_row el_id=&#8221;Opinions_Emocionat&#8221;][vc_column css=&#8221;.vc_custom_1593514744148{padding: 0px !important;}&#8221;][vc_separator border_width=&#8221;2&#8243; css=&#8221;.vc_custom_1593514719835{margin-top: 0px !important;}&#8221;][vc_column_text css=&#8221;.vc_custom_1594366062067{margin-top: 20px !important;margin-right: 20px !important;margin-bottom: 20px !important;margin-left: 20px !important;}&#8221;]<\/p>\n<h2 class=\"vc_custom_heading vc_custom_1546944073922\" style=\"text-align: center;\"><strong><span style=\"color: #539cc4;\">COM \u00c9S EMOCIONA&#8217;T?<\/span><\/strong><\/h2>\n<p>[\/vc_column_text][\/vc_column][\/vc_row][vc_row gap=&#8221;10&#8243;][vc_column width=&#8221;1\/4&#8243; css=&#8221;.vc_custom_1593514744148{padding: 0px !important;}&#8221;][vc_video link=&#8221;https:\/\/vimeo.com\/311657293&#8243; el_width=&#8221;90&#8243;][\/vc_column][vc_column width=&#8221;1\/4&#8243; css=&#8221;.vc_custom_1594364581450{padding: 0px !important;}&#8221;][vc_video link=&#8221;https:\/\/vimeo.com\/311657351&#8243; el_width=&#8221;90&#8243; css=&#8221;.vc_custom_1594365163199{margin-top: 0px !important;margin-right: 0px !important;margin-bottom: 0px !important;margin-left: 0px !important;}&#8221;][\/vc_column][vc_column width=&#8221;1\/4&#8243; css=&#8221;.vc_custom_1594364597697{padding: 0px !important;}&#8221;][vc_video link=&#8221;https:\/\/vimeo.com\/311657329\/6a66f94f8f&#8221; el_width=&#8221;90&#8243; css=&#8221;.vc_custom_1594365168328{margin-top: 0px !important;margin-right: 0px !important;margin-bottom: 0px !important;margin-left: 0px !important;}&#8221;][\/vc_column][vc_column width=&#8221;1\/4&#8243; css=&#8221;.vc_custom_1594364616730{padding: 0px !important;}&#8221;][vc_video link=&#8221;https:\/\/vimeo.com\/311657319&#8243; el_width=&#8221;90&#8243; css=&#8221;.vc_custom_1594365174408{margin-top: 0px !important;margin-right: 0px !important;margin-bottom: 0px !important;margin-left: 0px !important;}&#8221;][\/vc_column][\/vc_row][vc_row][vc_column css=&#8221;.vc_custom_1593514744148{padding: 0px !important;}&#8221;][vc_separator border_width=&#8221;2&#8243; css=&#8221;.vc_custom_1593514719835{margin-top: 0px !important;}&#8221;][vc_column_text css=&#8221;.vc_custom_1593778220452{margin: 20px !important;}&#8221;]<\/p>\n<h2 class=\"vc_custom_heading vc_custom_1546944073922\" style=\"text-align: center;\"><strong><span style=\"color: #539cc4;\">QU\u00c8 N\u2019OPINEN?<\/span><\/strong><\/h2>\n<p>[\/vc_column_text][\/vc_column][\/vc_row][vc_row gap=&#8221;5&#8243; equal_height=&#8221;yes&#8221;][vc_column width=&#8221;1\/3&#8243; css=&#8221;.vc_custom_1593766692163{margin: 10px !important;padding: 0px !important;background-color: #dddddd !important;}&#8221;][vc_column_text css=&#8221;.vc_custom_1593765082759{margin-top: 20px !important;margin-right: 20px !important;margin-bottom: 20px !important;margin-left: 20px !important;}&#8221;]<\/p>\n<div class=\"cupid-heading \">\n<h2 style=\"text-align: center;\"><span style=\"font-size: 28px;\"><span style=\"color: #539cc4;\">ALUMNES<\/span><\/span><\/h2>\n<hr \/>\n<h2><\/h2>\n<h2 style=\"text-align: center;\"><span style=\"color: #539cc4; font-size: 16px;\">\u00abM\u2019agrada aprendre amb coses que em passen de veritat.\u00bb<\/span><\/h2>\n<p>&nbsp;<\/p>\n<\/div>\n<div class=\"wpb_text_column wpb_content_element opinio_persona\">\n<div class=\"wpb_wrapper\">\n<p style=\"text-align: center;\"><span style=\"color: #888888; font-size: 16px;\">Pau Mar\u00edn<\/span><br \/>\n<span style=\"color: #888888; font-size: 16px;\"><em>Alumne de Prim\u00e0ria<\/em><\/span><\/p>\n<\/div>\n<\/div>\n<p>[\/vc_column_text][\/vc_column][vc_column width=&#8221;1\/3&#8243; css=&#8221;.vc_custom_1593766710695{margin: 10px !important;padding: 0px !important;background-color: #dddddd !important;}&#8221;][vc_column_text css=&#8221;.vc_custom_1593765051703{margin-top: 20px !important;margin-right: 20px !important;margin-bottom: 20px !important;margin-left: 20px !important;}&#8221;]<\/p>\n<div class=\"cupid-heading \">\n<h2 style=\"text-align: center;\"><span style=\"font-size: 28px;\"><span style=\"color: #539cc4;\">PROFESSORS<\/span><\/span><\/h2>\n<hr \/>\n<div class=\"wpb_text_column wpb_content_element opinio_descripcio\">\n<div class=\"wpb_wrapper\">\n<p style=\"text-align: center;\"><span style=\"font-size: 16px; color: #539cc4;\">\u00abEls nens i nenes s\u00f3n protagonistes del proc\u00e9s d\u2019aprenentatge. Entrendre-ho \u00e9s vital per oferir una proposta moderna i coherent amb el m\u00f3n actual.\u00bb<\/span><\/p>\n<\/div>\n<\/div>\n<div class=\"wpb_text_column wpb_content_element opinio_persona\">\n<div class=\"wpb_wrapper\">\n<p style=\"text-align: center;\"><span style=\"font-size: 16px; color: #888888;\">N\u00faria Lluch<\/span><br \/>\n<span style=\"font-size: 16px; color: #888888;\"><em>Mestra de Prim\u00e0ria<\/em><\/span><\/p>\n<\/div>\n<\/div>\n<\/div>\n<div class=\"wpb_text_column wpb_content_element opinio_persona\">\n<div class=\"wpb_wrapper\">\n<p style=\"text-align: center;\">\n<\/div>\n<\/div>\n<p>[\/vc_column_text][\/vc_column][vc_column width=&#8221;1\/3&#8243; css=&#8221;.vc_custom_1593766728693{margin: 10px !important;padding: 0px !important;background-color: #dddddd !important;}&#8221;][vc_column_text css=&#8221;.vc_custom_1593765062847{margin-top: 20px !important;margin-right: 20px !important;margin-bottom: 20px !important;margin-left: 20px !important;}&#8221;]<\/p>\n<div class=\"cupid-heading \">\n<h2 style=\"text-align: center;\"><span style=\"font-size: 28px;\"><span style=\"color: #539cc4;\">FAM\u00cdLIES<\/span><\/span><\/h2>\n<hr \/>\n<div class=\"wpb_text_column wpb_content_element opinio_descripcio\">\n<div class=\"wpb_wrapper\">\n<p style=\"text-align: center;\"><span style=\"font-size: 16px; color: #539cc4;\">\u00abPer poder fer qualsevol cosa que ens demana un esfor\u00e7, ens ha d\u2019arribar al cor, ens ha d\u2019emocionar. \u00c9s el que ens mou a implicar-nos. Nom\u00e9s aix\u00ed deixa de ser un esfor\u00e7.\u00bb<\/span><\/p>\n<\/div>\n<\/div>\n<div class=\"wpb_text_column wpb_content_element opinio_persona\">\n<div class=\"wpb_wrapper\">\n<p style=\"text-align: center;\"><span style=\"font-size: 16px; color: #888888;\">M. Pilar Roure<\/span><br \/>\n<span style=\"font-size: 16px; color: #888888;\"><em>Mare d\u2019alumne de Prim\u00e0ria<\/em><\/span><\/p>\n<\/div>\n<\/div>\n<\/div>\n<p>[\/vc_column_text][\/vc_column][\/vc_row]<\/p>\n","protected":false},"excerpt":{"rendered":"<p>[vc_row css=&#8221;.vc_custom_1593778614268{padding-top: 0px !important;padding-right: 0px !important;padding-bottom: 0px !important;padding-left: 0px !important;}&#8221;][vc_column width=&#8221;1\/6&#8243; css=&#8221;.vc_custom_1593778641180{padding-top: 0px !important;padding-right: 0px !important;padding-bottom: 0px !important;padding-left: 0px !important;}&#8221;][vc_custom_heading text=&#8221;Emociona&#8217;t projecte&#8221; font_container=&#8221;tag:h2|font_size:14|text_align:center|color:%23539cc4&#8243; google_fonts=&#8221;font_family:Roboto%3A100%2C100italic%2C300%2C300italic%2Cregular%2Citalic%2C500%2C500italic%2C700%2C700italic%2C900%2C900italic|font_style:400%20regular%3A400%3Anormal&#8221; link=&#8221;url:http%3A%2F%2Fweb.editorialteide.com%2Fca%2Femocionat-cat%2F%23Emocionat_projecte|||&#8221; css=&#8221;.vc_custom_1593763782056{margin: 0px !important;}&#8221;][\/vc_column][vc_column width=&#8221;1\/6&#8243; css=&#8221;.vc_custom_1593778651927{padding-top: 0px !important;padding-right: 0px !important;padding-bottom: 0px !important;padding-left: 0px !important;}&#8221;][vc_custom_heading text=&#8221;Matem\u00e0tiques&#8221; font_container=&#8221;tag:h2|font_size:14|text_align:center|color:%23539cc4&#8243; google_fonts=&#8221;font_family:Roboto%3A100%2C100italic%2C300%2C300italic%2Cregular%2Citalic%2C500%2C500italic%2C700%2C700italic%2C900%2C900italic|font_style:400%20regular%3A400%3Anormal&#8221; link=&#8221;url:http%3A%2F%2Fweb.editorialteide.com%2Fca%2Femocionat-cat%2F%23Mates_Emocionat|||&#8221; el_id=&#8221;https:\/\/web.editorialteide.com\/ca\/emocionat-cat\/#Mates_Emocionat&#8221; css=&#8221;.vc_custom_1593763796192{margin: 0px !important;}&#8221;][\/vc_column][vc_column width=&#8221;1\/6&#8243; css=&#8221;.vc_custom_1593763745387{padding: 0px !important;}&#8221;][vc_custom_heading text=&#8221;Llengua&#8221; font_container=&#8221;tag:h2|font_size:14|text_align:center|color:%23539cc4&#8243; google_fonts=&#8221;font_family:Roboto%3A100%2C100italic%2C300%2C300italic%2Cregular%2Citalic%2C500%2C500italic%2C700%2C700italic%2C900%2C900italic|font_style:400%20regular%3A400%3Anormal&#8221; el_id=&#8221;https:\/\/web.editorialteide.com\/ca\/emocionat-cat\/#Llengua_Emocionat&#8221; link=&#8221;url:http%3A%2F%2Fweb.editorialteide.com%2Fca%2Femocionat-cat%2F%23Llengua_Emocionat|||&#8221; &hellip; <a href=\"https:\/\/web.editorialteide.com\/ca\/emocionat-cat\/\">Llegir m\u00e9s<\/a><\/p>\n","protected":false},"author":3,"featured_media":0,"parent":0,"menu_order":0,"comment_status":"closed","ping_status":"closed","template":"","meta":{"footnotes":"","_links_to":"","_links_to_target":""},"class_list":["post-148551","page","type-page","status-publish","hentry"],"_links":{"self":[{"href":"https:\/\/web.editorialteide.com\/ca\/wp-json\/wp\/v2\/pages\/148551","targetHints":{"allow":["GET"]}}],"collection":[{"href":"https:\/\/web.editorialteide.com\/ca\/wp-json\/wp\/v2\/pages"}],"about":[{"href":"https:\/\/web.editorialteide.com\/ca\/wp-json\/wp\/v2\/types\/page"}],"author":[{"embeddable":true,"href":"https:\/\/web.editorialteide.com\/ca\/wp-json\/wp\/v2\/users\/3"}],"replies":[{"embeddable":true,"href":"https:\/\/web.editorialteide.com\/ca\/wp-json\/wp\/v2\/comments?post=148551"}],"version-history":[{"count":1,"href":"https:\/\/web.editorialteide.com\/ca\/wp-json\/wp\/v2\/pages\/148551\/revisions"}],"predecessor-version":[{"id":159520,"href":"https:\/\/web.editorialteide.com\/ca\/wp-json\/wp\/v2\/pages\/148551\/revisions\/159520"}],"wp:attachment":[{"href":"https:\/\/web.editorialteide.com\/ca\/wp-json\/wp\/v2\/media?parent=148551"}],"curies":[{"name":"wp","href":"https:\/\/api.w.org\/{rel}","templated":true}]}}