{"id":113951,"date":"2019-03-19T12:53:49","date_gmt":"2019-03-19T11:53:49","guid":{"rendered":"http:\/\/web.editorialteide.com\/producto\/intermedi-b2-valencia-2019\/"},"modified":"2026-03-02T18:51:27","modified_gmt":"2026-03-02T17:51:27","slug":"intermedi-b2-valencia-2019","status":"publish","type":"product","link":"https:\/\/web.editorialteide.com\/ca\/producte\/intermedi-b2-valencia-2019\/","title":{"rendered":"Valenci\u00e0 B2 (2019)"},"content":{"rendered":"<p>A les dotze unitats del llibre, les activitats socials presideixen el treball. A\u00e7\u00f2 vol dir que tant els objectius com els continguts del material estan orientats perqu\u00e8 els aprenents adquirisquen compet\u00e8ncia gramatical, sociocultural i textual tot exposant-se a una \u00e0mplia varietat de situacions d&#8217;\u00fas i d&#8217;aprenentatge de la llengua.<br \/>\nEn aquest nivell la prioritat \u00e9s la parla. Per aix\u00f2, l&#8217;oralitat, en tota la seua complexitat, \u00e9s present de manera continuada a totes les unitats i es refor\u00e7a amb enlla\u00e7os a \u00e0udios i v\u00eddeos.<\/p>\n<h2>Vincles d&#8217;inter\u00e8s<\/h2>\n<ul>\n<li><a href=\"http:\/\/guia.editorialteide.com\/f\/609790da5c\/\" target=\"_blank\" rel=\"noopener noreferrer\">Solucionari. Valenci\u00e0 B2<\/a><\/li>\n<\/ul>\n","protected":false},"excerpt":{"rendered":"<p>A les dotze unitats del llibre, les activitats socials presideixen el treball. A\u00e7\u00f2 vol dir que tant els objectius com els continguts del material estan orientats perqu\u00e8 els aprenents adquirisquen compet\u00e8ncia gramatical, sociocultural i textual tot exposant-se a una \u00e0mplia varietat de situacions d&#8217;\u00fas i d&#8217;aprenentatge de la llengua. En aquest nivell la prioritat \u00e9s &hellip; <a href=\"https:\/\/web.editorialteide.com\/ca\/producte\/intermedi-b2-valencia-2019\/\">Llegir m\u00e9s<\/a><\/p>\n","protected":false},"featured_media":114320,"template":"","meta":{"_links_to":"","_links_to_target":""},"product_brand":[],"product_cat":[202],"product_tag":[],"class_list":{"0":"post-113951","1":"product","2":"type-product","3":"status-publish","4":"has-post-thumbnail","6":"product_cat-comunidad-de-valencia-ca","7":"pa_asignatura-llengua-ca","8":"pa_format-llibre-text-ca","9":"pa_idioma-valencia-ca","11":"first","12":"instock","13":"taxable","14":"shipping-taxable","15":"purchasable","16":"product-type-simple"},"_links":{"self":[{"href":"https:\/\/web.editorialteide.com\/ca\/wp-json\/wp\/v2\/product\/113951","targetHints":{"allow":["GET"]}}],"collection":[{"href":"https:\/\/web.editorialteide.com\/ca\/wp-json\/wp\/v2\/product"}],"about":[{"href":"https:\/\/web.editorialteide.com\/ca\/wp-json\/wp\/v2\/types\/product"}],"wp:featuredmedia":[{"embeddable":true,"href":"https:\/\/web.editorialteide.com\/ca\/wp-json\/wp\/v2\/media\/114320"}],"wp:attachment":[{"href":"https:\/\/web.editorialteide.com\/ca\/wp-json\/wp\/v2\/media?parent=113951"}],"wp:term":[{"taxonomy":"product_brand","embeddable":true,"href":"https:\/\/web.editorialteide.com\/ca\/wp-json\/wp\/v2\/product_brand?post=113951"},{"taxonomy":"product_cat","embeddable":true,"href":"https:\/\/web.editorialteide.com\/ca\/wp-json\/wp\/v2\/product_cat?post=113951"},{"taxonomy":"product_tag","embeddable":true,"href":"https:\/\/web.editorialteide.com\/ca\/wp-json\/wp\/v2\/product_tag?post=113951"}],"curies":[{"name":"wp","href":"https:\/\/api.w.org\/{rel}","templated":true}]}}