{"id":114504,"date":"2019-05-02T07:43:02","date_gmt":"2019-05-02T06:43:02","guid":{"rendered":"http:\/\/web.editorialteide.com\/producto\/va-de-cuentos-antologia-del-cuento-espanolb-t\/"},"modified":"2026-03-02T18:51:28","modified_gmt":"2026-03-02T17:51:28","slug":"va-de-cuentos-antologia-del-cuento-espanolb-t","status":"publish","type":"product","link":"https:\/\/web.editorialteide.com\/ca\/producte\/va-de-cuentos-antologia-del-cuento-espanolb-t\/","title":{"rendered":"Va de cuentos. Antolog\u00eda del cuento espa\u00f1ol (Biblioteca Teide)"},"content":{"rendered":"<p>Un total de siete relatos integran el volumen que presentamos, escritos por Javier Mar\u00edas, Jos\u00e9 Mar\u00eda Merino, Mercedes Abad, Almudena Grandes, Juan Jos\u00e9 Mill\u00e1s, Cristina Fern\u00e1ndez Cubas y Sara Mesa. Esta selecci\u00f3n pretende reflejar la variedad tem\u00e1tica y estil\u00edstica del cuento espa\u00f1ol contempor\u00e1neo y aspira a resultar atractiva para los estudiantes de Educaci\u00f3n Secundaria, j\u00f3venes lectores acostumbrados a leer novela juvenil y literatura cl\u00e1sica pero que en pocas ocasiones se enfrentan a la narrativa actual.<br \/>\nEl profesor de Secundaria y Bachillerato y catedr\u00e1tico Pau Miret es el autor de la edici\u00f3n \u00edntegra de este libro, que se completa con una serie de ilustraciones realizadas en exclusiva para esta edici\u00f3n por J. Vila Delcl\u00f2s.<\/p>\n","protected":false},"excerpt":{"rendered":"<p>Un total de siete relatos integran el volumen que presentamos, escritos por Javier Mar\u00edas, Jos\u00e9 Mar\u00eda Merino, Mercedes Abad, Almudena Grandes, Juan Jos\u00e9 Mill\u00e1s, Cristina Fern\u00e1ndez Cubas y Sara Mesa. Esta selecci\u00f3n pretende reflejar la variedad tem\u00e1tica y estil\u00edstica del cuento espa\u00f1ol contempor\u00e1neo y aspira a resultar atractiva para los estudiantes de Educaci\u00f3n Secundaria, j\u00f3venes &hellip; <a href=\"https:\/\/web.editorialteide.com\/ca\/producte\/va-de-cuentos-antologia-del-cuento-espanolb-t\/\">Llegir m\u00e9s<\/a><\/p>\n","protected":false},"featured_media":158059,"template":"","meta":{"_links_to":"","_links_to_target":""},"product_brand":[],"product_cat":[189,190,191,192,193,194,195,196,198,202,197,203,204,205,206,207,208,209,210,211],"product_tag":[],"class_list":{"0":"post-114504","1":"product","2":"type-product","3":"status-publish","4":"has-post-thumbnail","6":"product_cat-andalucia-ca","7":"product_cat-aragon-ca","8":"product_cat-canarias-ca","9":"product_cat-cantabria-ca","10":"product_cat-castilla-la-mancha-ca","11":"product_cat-castilla-y-leon-ca","12":"product_cat-catalunya-ca","13":"product_cat-ceuta-ca","14":"product_cat-comunidad-de-madrid-ca","15":"product_cat-comunidad-de-valencia-ca","16":"product_cat-comunidad-foral-de-navarra-ca","17":"product_cat-extremadura-ca","18":"product_cat-galicia-ca","19":"product_cat-illes-balears-ca","20":"product_cat-la-rioja-ca","21":"product_cat-mec-ca","22":"product_cat-melilla-ca","23":"product_cat-pais-vasco-ca","24":"product_cat-principado-de-asturias-ca","25":"product_cat-region-de-murcia-ca","26":"pa_asignatura-llengua-castellana-i-literatura-ca","27":"pa_curso-1-bac-ca","28":"pa_format-llibre-text-ca","29":"pa_idioma-castellano-ca","31":"first","32":"instock","33":"taxable","34":"shipping-taxable","35":"purchasable","36":"product-type-simple"},"_links":{"self":[{"href":"https:\/\/web.editorialteide.com\/ca\/wp-json\/wp\/v2\/product\/114504","targetHints":{"allow":["GET"]}}],"collection":[{"href":"https:\/\/web.editorialteide.com\/ca\/wp-json\/wp\/v2\/product"}],"about":[{"href":"https:\/\/web.editorialteide.com\/ca\/wp-json\/wp\/v2\/types\/product"}],"wp:featuredmedia":[{"embeddable":true,"href":"https:\/\/web.editorialteide.com\/ca\/wp-json\/wp\/v2\/media\/158059"}],"wp:attachment":[{"href":"https:\/\/web.editorialteide.com\/ca\/wp-json\/wp\/v2\/media?parent=114504"}],"wp:term":[{"taxonomy":"product_brand","embeddable":true,"href":"https:\/\/web.editorialteide.com\/ca\/wp-json\/wp\/v2\/product_brand?post=114504"},{"taxonomy":"product_cat","embeddable":true,"href":"https:\/\/web.editorialteide.com\/ca\/wp-json\/wp\/v2\/product_cat?post=114504"},{"taxonomy":"product_tag","embeddable":true,"href":"https:\/\/web.editorialteide.com\/ca\/wp-json\/wp\/v2\/product_tag?post=114504"}],"curies":[{"name":"wp","href":"https:\/\/api.w.org\/{rel}","templated":true}]}}