{"id":150880,"date":"2020-11-13T12:52:49","date_gmt":"2020-11-13T11:52:49","guid":{"rendered":"http:\/\/web.editorialteide.com\/producto\/la-leyenda-de-sleepy-hollow-y-otros-cuentos-b-t\/"},"modified":"2026-03-02T18:51:51","modified_gmt":"2026-03-02T17:51:51","slug":"la-leyenda-de-sleepy-hollow-y-otros-cuentos-b-t","status":"publish","type":"product","link":"https:\/\/web.editorialteide.com\/ca\/producte\/la-leyenda-de-sleepy-hollow-y-otros-cuentos-b-t\/","title":{"rendered":"Digital. La Leyenda de Sleepy Hollow y otros cuentos (Biblioteca Teide)"},"content":{"rendered":"<p>El objetivo de este libro es facilitar una primera aproximaci\u00f3n al extenso universo de la fantas\u00eda literaria, en la confianza de conquistar nuevos lectores. En la antolog\u00eda de cuentos que presentamos se ha valorado especialmente el inter\u00e9s que pudieran despertar en el lector al que van destinados, la variedad de temas y estilos, y finalmente, que fueran representativos de la mejor literatura. La antolog\u00eda incluye \u00ab<em>La leyenda de Sleepy Hollow\u00bb<\/em>, de Washington Irving; \u00ab<em>El gato negro\u00bb<\/em>, de E. A. Poe; \u00ab<em>El Horla\u00bb<\/em>, de Guy de Maupassant; \u00ab<em>La pata de mono\u00bb<\/em>, de W. W. Jacobs, y \u00ab<em>La ara\u00f1a\u00bb<\/em>, de H. H. Ewers.<\/p>\n","protected":false},"excerpt":{"rendered":"<p>El objetivo de este libro es facilitar una primera aproximaci\u00f3n al extenso universo de la fantas\u00eda literaria, en la confianza de conquistar nuevos lectores. En la antolog\u00eda de cuentos que presentamos se ha valorado especialmente el inter\u00e9s que pudieran despertar en el lector al que van destinados, la variedad de temas y estilos, y finalmente, &hellip; <a href=\"https:\/\/web.editorialteide.com\/ca\/producte\/la-leyenda-de-sleepy-hollow-y-otros-cuentos-b-t\/\">Llegir m\u00e9s<\/a><\/p>\n","protected":false},"featured_media":150993,"template":"","meta":{"_links_to":"","_links_to_target":""},"product_brand":[],"product_cat":[189,190,191,192,193,194,195,196,198,202,197,203,204,205,206,207,208,209,210,211],"product_tag":[],"class_list":{"0":"post-150880","1":"product","2":"type-product","3":"status-publish","4":"has-post-thumbnail","6":"product_cat-andalucia-ca","7":"product_cat-aragon-ca","8":"product_cat-canarias-ca","9":"product_cat-cantabria-ca","10":"product_cat-castilla-la-mancha-ca","11":"product_cat-castilla-y-leon-ca","12":"product_cat-catalunya-ca","13":"product_cat-ceuta-ca","14":"product_cat-comunidad-de-madrid-ca","15":"product_cat-comunidad-de-valencia-ca","16":"product_cat-comunidad-foral-de-navarra-ca","17":"product_cat-extremadura-ca","18":"product_cat-galicia-ca","19":"product_cat-illes-balears-ca","20":"product_cat-la-rioja-ca","21":"product_cat-mec-ca","22":"product_cat-melilla-ca","23":"product_cat-pais-vasco-ca","24":"product_cat-principado-de-asturias-ca","25":"product_cat-region-de-murcia-ca","26":"pa_asignatura-llengua-castellana-i-literatura-ca","27":"pa_format-llibre-digital-ca","28":"pa_idioma-castellano-ca","29":"pa_project-lecturas-eso-ca","31":"first","32":"instock","33":"virtual","34":"taxable","35":"purchasable","36":"product-type-simple"},"_links":{"self":[{"href":"https:\/\/web.editorialteide.com\/ca\/wp-json\/wp\/v2\/product\/150880","targetHints":{"allow":["GET"]}}],"collection":[{"href":"https:\/\/web.editorialteide.com\/ca\/wp-json\/wp\/v2\/product"}],"about":[{"href":"https:\/\/web.editorialteide.com\/ca\/wp-json\/wp\/v2\/types\/product"}],"wp:featuredmedia":[{"embeddable":true,"href":"https:\/\/web.editorialteide.com\/ca\/wp-json\/wp\/v2\/media\/150993"}],"wp:attachment":[{"href":"https:\/\/web.editorialteide.com\/ca\/wp-json\/wp\/v2\/media?parent=150880"}],"wp:term":[{"taxonomy":"product_brand","embeddable":true,"href":"https:\/\/web.editorialteide.com\/ca\/wp-json\/wp\/v2\/product_brand?post=150880"},{"taxonomy":"product_cat","embeddable":true,"href":"https:\/\/web.editorialteide.com\/ca\/wp-json\/wp\/v2\/product_cat?post=150880"},{"taxonomy":"product_tag","embeddable":true,"href":"https:\/\/web.editorialteide.com\/ca\/wp-json\/wp\/v2\/product_tag?post=150880"}],"curies":[{"name":"wp","href":"https:\/\/api.w.org\/{rel}","templated":true}]}}