{"id":163779,"date":"2022-06-21T14:21:33","date_gmt":"2022-06-21T13:21:33","guid":{"rendered":"https:\/\/web.editorialteide.com\/producto\/lazarillo-de-tormes-adaptacion-comics\/"},"modified":"2026-03-02T18:51:59","modified_gmt":"2026-03-02T17:51:59","slug":"lazarillo-de-tormes-adaptacion-comics","status":"publish","type":"product","link":"https:\/\/web.editorialteide.com\/ca\/producte\/lazarillo-de-tormes-adaptacion-comics\/","title":{"rendered":"Lazarillo de Tormes. Colecci\u00f3n Dual"},"content":{"rendered":"<p>La Colecci\u00f3n Dual pretende acercar los grandes cl\u00e1sicos de la literatura universal al p\u00fablico juvenil. En este volumen de la serie Hisp\u00e1nicos Esenciales, presentamos una adaptaci\u00f3n del <em>Lazarillo de Tormes<\/em> acompa\u00f1ada de una sugestiva versi\u00f3n en c\u00f3mic, realizada en exclusiva para esta edici\u00f3n y que convertir\u00e1 la lectura de este cl\u00e1sico en una experiencia placentera e inolvidable. Con todo ello, el <em>Lazarillo<\/em> volver\u00e1 a ser, sin duda, la obra \u00e1gil, amena e instructiva que ha seducido a tantas generaciones de lectores desde aquel lejano 1554 en que fue publicada por primera vez.<\/p>\n","protected":false},"excerpt":{"rendered":"<p>La Colecci\u00f3n Dual pretende acercar los grandes cl\u00e1sicos de la literatura universal al p\u00fablico juvenil. En este volumen de la serie Hisp\u00e1nicos Esenciales, presentamos una adaptaci\u00f3n del Lazarillo de Tormes acompa\u00f1ada de una sugestiva versi\u00f3n en c\u00f3mic, realizada en exclusiva para esta edici\u00f3n y que convertir\u00e1 la lectura de este cl\u00e1sico en una experiencia placentera &hellip; <a href=\"https:\/\/web.editorialteide.com\/ca\/producte\/lazarillo-de-tormes-adaptacion-comics\/\">Llegir m\u00e9s<\/a><\/p>\n","protected":false},"featured_media":163780,"template":"","meta":{"_links_to":"","_links_to_target":""},"product_brand":[],"product_cat":[189,190,191,192,193,194,195,196,198,202,197,203,204,205,206,207,208,209,210,211],"product_tag":[],"class_list":{"0":"post-163779","1":"product","2":"type-product","3":"status-publish","4":"has-post-thumbnail","6":"product_cat-andalucia-ca","7":"product_cat-aragon-ca","8":"product_cat-canarias-ca","9":"product_cat-cantabria-ca","10":"product_cat-castilla-la-mancha-ca","11":"product_cat-castilla-y-leon-ca","12":"product_cat-catalunya-ca","13":"product_cat-ceuta-ca","14":"product_cat-comunidad-de-madrid-ca","15":"product_cat-comunidad-de-valencia-ca","16":"product_cat-comunidad-foral-de-navarra-ca","17":"product_cat-extremadura-ca","18":"product_cat-galicia-ca","19":"product_cat-illes-balears-ca","20":"product_cat-la-rioja-ca","21":"product_cat-mec-ca","22":"product_cat-melilla-ca","23":"product_cat-pais-vasco-ca","24":"product_cat-principado-de-asturias-ca","25":"product_cat-region-de-murcia-ca","26":"pa_asignatura-llengua-castellana-i-literatura-ca","27":"pa_format-lectura-ca","28":"pa_format-llibre-text-ca","29":"pa_idioma-castellano-ca","31":"first","32":"instock","33":"taxable","34":"shipping-taxable","35":"purchasable","36":"product-type-simple"},"_links":{"self":[{"href":"https:\/\/web.editorialteide.com\/ca\/wp-json\/wp\/v2\/product\/163779","targetHints":{"allow":["GET"]}}],"collection":[{"href":"https:\/\/web.editorialteide.com\/ca\/wp-json\/wp\/v2\/product"}],"about":[{"href":"https:\/\/web.editorialteide.com\/ca\/wp-json\/wp\/v2\/types\/product"}],"wp:featuredmedia":[{"embeddable":true,"href":"https:\/\/web.editorialteide.com\/ca\/wp-json\/wp\/v2\/media\/163780"}],"wp:attachment":[{"href":"https:\/\/web.editorialteide.com\/ca\/wp-json\/wp\/v2\/media?parent=163779"}],"wp:term":[{"taxonomy":"product_brand","embeddable":true,"href":"https:\/\/web.editorialteide.com\/ca\/wp-json\/wp\/v2\/product_brand?post=163779"},{"taxonomy":"product_cat","embeddable":true,"href":"https:\/\/web.editorialteide.com\/ca\/wp-json\/wp\/v2\/product_cat?post=163779"},{"taxonomy":"product_tag","embeddable":true,"href":"https:\/\/web.editorialteide.com\/ca\/wp-json\/wp\/v2\/product_tag?post=163779"}],"curies":[{"name":"wp","href":"https:\/\/api.w.org\/{rel}","templated":true}]}}