{"id":85119,"date":"2017-05-10T13:53:21","date_gmt":"2017-05-10T12:53:21","guid":{"rendered":"http:\/\/web.editorialteide.com\/producto\/cuentacuentos-b-t\/"},"modified":"2026-03-02T18:51:04","modified_gmt":"2026-03-02T17:51:04","slug":"cuentacuentos-b-t","status":"publish","type":"product","link":"https:\/\/web.editorialteide.com\/ca\/producte\/cuentacuentos-b-t\/","title":{"rendered":"Cuentacuentos. Antolog\u00eda del relato hispanoamericano (Biblioteca Teide)"},"content":{"rendered":"<p>Con la edici\u00f3n de <i>Cuentacuentos<\/i> presentamos una antolog\u00eda del relato hispanoamericano que ofrece una cuidada selecci\u00f3n de textos. Con ello pretendemos ofrecer a los j\u00f3venes estudiantes de educaci\u00f3n secundaria una panor\u00e1mica \u00fatil para comprender este g\u00e9nero literario en el \u00e1mbito de la literatura hispanoamericana.<\/p>\n<p>Junto a narraciones de algunos de los m\u00e1ximos representantes de dicha literatura, hemos seleccionado relatos de autores no tan conocidos pero cuya labor en el \u00e1mbito del g\u00e9nero cuent\u00edstico los hacen dignos de figurar en una antolog\u00eda como la nuestra.<\/p>\n<h2>Vinculos de inter\u00e9s<\/h2>\n<ul>\n<li><a href=\"http:\/\/palabrasmaldichas.blogspot.com.es\/search\/label\/AUGUSTO%20MONTERROSO\" target=\"_blank\" rel=\"noopener noreferrer\">P\u00e1gina 278, Pregunta 12<\/a><\/li>\n<li><a href=\"http:\/\/www.ciudadseva.com\/textos\/teoria\/opin\/decalogo_del_perfecto_cuentista.htm\" target=\"_blank\" rel=\"noopener noreferrer\">P\u00e1gina 279, Pregunta 13<\/a><\/li>\n<li><a href=\"http:\/\/cvc.cervantes.es\/actcult\/garcia_marquez\/\" target=\"_blank\" rel=\"noopener noreferrer\">P\u00e1gina 280, Pregunta 17, Enlace de consulta 1<\/a><\/li>\n<li><a href=\"http:\/\/www.mvargasllosa.com\/menubn.htm\" target=\"_blank\" rel=\"noopener noreferrer\">P\u00e1gina 280, Pregunta 17, Enlace de consulta 2<\/a><\/li>\n<li><a href=\"http:\/\/www.puroscuentos.com.ar\/2010\/08\/trucos-y-tecnicas-para-cuentacuentos.html\" target=\"_blank\" rel=\"noopener noreferrer\">P\u00e1gina 282, Pregunta 20<\/a><\/li>\n<li><a href=\"http:\/\/jaime-makbara.blogspot.com.es\/2012\/02\/los-microrrelatos.html\" target=\"_blank\" rel=\"noopener noreferrer\">P\u00e1gina 282, Pregunta 20b, Enlace de consulta 1<\/a><\/li>\n<li><a href=\"http:\/\/cuentosycuentinimos.blogspot.com.es\/p\/grandes-microrrelatos.html\" target=\"_blank\" rel=\"noopener noreferrer\">P\u00e1gina 282, Pregunta 20b, Enlace de consulta 2<\/a><\/li>\n<li><a href=\"http:\/\/www.materialesdelengua.org\/LITERATURA\/TEXTOS_LITERARIOS\/CUENTOS\/microcuentos.htm\" target=\"_blank\" rel=\"noopener noreferrer\">P\u00e1gina 282, Pregunta 20b, Enlace de consulta 3<\/a><\/li>\n<li><a href=\"http:\/\/ccat.sas.upenn.edu\/romance\/spanish\/219\/01prehistoria\/latinampolitical.jpg\" target=\"_blank\" rel=\"noopener noreferrer\">P\u00e1gina 282, Pregunta 21<\/a><\/li>\n<li><a href=\"http:\/\/www.youtube.com\/watch?v=lGIkUWv1THc\" target=\"_blank\" rel=\"noopener noreferrer\">P\u00e1gina 284, Pregunta 25a, Enlace de consulta 1<\/a><\/li>\n<li><a href=\"http:\/\/www.youtube.com\/watch?v=RorczEebRXw\" target=\"_blank\" rel=\"noopener noreferrer\">P\u00e1gina 284, Pregunta 25a, Enlace de consulta 2<\/a><\/li>\n<li><a href=\"http:\/\/www.youtube.com\/watch?v=uPDZujZfeA8\" target=\"_blank\" rel=\"noopener noreferrer\">P\u00e1gina 284, Pregunta 25a, Enlace de consulta 3<\/a><\/li>\n<li><a href=\"https:\/\/www.youtube.com\/watch?v=Y5aJTIOSA0I\" target=\"_blank\" rel=\"noopener noreferrer\">P\u00e1gina 284, Pregunta 25b<\/a><\/li>\n<li><a href=\"http:\/\/www.youtube.com\/watch?v=NNvA40DGGE8\" target=\"_blank\" rel=\"noopener noreferrer\">P\u00e1gina 284, Pregunta 25c<\/a><\/li>\n<li><a href=\"http:\/\/www.youtube.com\/watch?v=LfHO8mXs-W0\" target=\"_blank\" rel=\"noopener noreferrer\">P\u00e1gina 284, Pregunta 25d<\/a><\/li>\n<li><a href=\"http:\/\/www.youtube.com\/watch?v=ulv8MfZ5zvM\" target=\"_blank\" rel=\"noopener noreferrer\">P\u00e1gina 284, Pregunta 25e<\/a><\/li>\n<li><a href=\"http:\/\/www.youtube.com\/watch?v=GB0rgNR5ri8\" target=\"_blank\" rel=\"noopener noreferrer\">P\u00e1gina 284, Pregunta 25f<\/a><\/li>\n<li><a href=\"http:\/\/www.youtube.com\/watch?v=V-RF6doUXBM\" target=\"_blank\" rel=\"noopener noreferrer\">P\u00e1gina 284, Pregunta 25g, Enlace de consulta 1<\/a><\/li>\n<li><a href=\"http:\/\/www.youtube.com\/watch?v=yDR2dCeaKFQ\" target=\"_blank\" rel=\"noopener noreferrer\">P\u00e1gina 284, Pregunta 25g, Enlace de consulta 2<\/a><\/li>\n<li><a href=\"http:\/\/www.youtube.com\/watch?v=YnsxkvGpFSE\" target=\"_blank\" rel=\"noopener noreferrer\">P\u00e1gina 285, Pregunta 26, Enlace de consulta 1<\/a><\/li>\n<li><a href=\"http:\/\/www.youtube.com\/watch?v=tgD_gH_ExhY\" target=\"_blank\" rel=\"noopener noreferrer\">P\u00e1gina 285, Pregunta 26, Enlace de consulta 2<\/a><\/li>\n<li><a href=\"http:\/\/www.youtube.com\/watch?v=uvtzbW1dO60\" target=\"_blank\" rel=\"noopener noreferrer\">P\u00e1gina 285, Pregunta 27, Enlace de consulta 1<\/a><\/li>\n<li><a href=\"https:\/\/www.youtube.com\/watch?v=a4FBd0YTEqg\" target=\"_blank\" rel=\"noopener noreferrer\">P\u00e1gina 285, Pregunta 27, Enlace de consulta 2<\/a><\/li>\n<li><a href=\"http:\/\/www.pagina12.com.ar\/diario\/cultura\/7-244456-2014-04-19.html\" target=\"_blank\" rel=\"noopener noreferrer\">P\u00e1gina 286, Pregunta 28b, Enlace de consulta 1<\/a><\/li>\n<li><a href=\"http:\/\/www.telesurtv.net\/articulos\/2014\/04\/18\/eduardo-galeano-nos-duele-la-muerte-del-gabo-5850.html\" target=\"_blank\" rel=\"noopener noreferrer\">P\u00e1gina 286, Pregunta 28b, Enlace de consulta 2<\/a><\/li>\n<li><a href=\"http:\/\/www.rpp.com.pe\/2014-04-17-vargas-llosa--ha-muerto-un-gran-escritor-noticia_685367.html\" target=\"_blank\" rel=\"noopener noreferrer\">P\u00e1gina 286, Pregunta 28b, Enlace de consulta 3<\/a><\/li>\n<li><a href=\"http:\/\/www.aporrea.org\/actualidad\/a187454.html\" target=\"_blank\" rel=\"noopener noreferrer\">P\u00e1gina 286, Pregunta 28b, Enlace de consulta 4<\/a><\/li>\n<\/ul>\n","protected":false},"excerpt":{"rendered":"<p>Con la edici\u00f3n de Cuentacuentos presentamos una antolog\u00eda del relato hispanoamericano que ofrece una cuidada selecci\u00f3n de textos. Con ello pretendemos ofrecer a los j\u00f3venes estudiantes de educaci\u00f3n secundaria una panor\u00e1mica \u00fatil para comprender este g\u00e9nero literario en el \u00e1mbito de la literatura hispanoamericana. Junto a narraciones de algunos de los m\u00e1ximos representantes de dicha &hellip; <a href=\"https:\/\/web.editorialteide.com\/ca\/producte\/cuentacuentos-b-t\/\">Llegir m\u00e9s<\/a><\/p>\n","protected":false},"featured_media":126862,"template":"","meta":{"_links_to":"","_links_to_target":""},"product_brand":[],"product_cat":[189,190,191,192,193,194,195,196,198,202,197,203,204,205,206,207,208,209,210,211],"product_tag":[],"class_list":{"0":"post-85119","1":"product","2":"type-product","3":"status-publish","4":"has-post-thumbnail","6":"product_cat-andalucia-ca","7":"product_cat-aragon-ca","8":"product_cat-canarias-ca","9":"product_cat-cantabria-ca","10":"product_cat-castilla-la-mancha-ca","11":"product_cat-castilla-y-leon-ca","12":"product_cat-catalunya-ca","13":"product_cat-ceuta-ca","14":"product_cat-comunidad-de-madrid-ca","15":"product_cat-comunidad-de-valencia-ca","16":"product_cat-comunidad-foral-de-navarra-ca","17":"product_cat-extremadura-ca","18":"product_cat-galicia-ca","19":"product_cat-illes-balears-ca","20":"product_cat-la-rioja-ca","21":"product_cat-mec-ca","22":"product_cat-melilla-ca","23":"product_cat-pais-vasco-ca","24":"product_cat-principado-de-asturias-ca","25":"product_cat-region-de-murcia-ca","26":"pa_asignatura-llengua-castellana-i-literatura-ca","27":"pa_curso-2-eso-ca","28":"pa_format-llibre-text-ca","29":"pa_idioma-castellano-ca","31":"first","32":"instock","33":"taxable","34":"shipping-taxable","35":"purchasable","36":"product-type-simple"},"_links":{"self":[{"href":"https:\/\/web.editorialteide.com\/ca\/wp-json\/wp\/v2\/product\/85119","targetHints":{"allow":["GET"]}}],"collection":[{"href":"https:\/\/web.editorialteide.com\/ca\/wp-json\/wp\/v2\/product"}],"about":[{"href":"https:\/\/web.editorialteide.com\/ca\/wp-json\/wp\/v2\/types\/product"}],"wp:featuredmedia":[{"embeddable":true,"href":"https:\/\/web.editorialteide.com\/ca\/wp-json\/wp\/v2\/media\/126862"}],"wp:attachment":[{"href":"https:\/\/web.editorialteide.com\/ca\/wp-json\/wp\/v2\/media?parent=85119"}],"wp:term":[{"taxonomy":"product_brand","embeddable":true,"href":"https:\/\/web.editorialteide.com\/ca\/wp-json\/wp\/v2\/product_brand?post=85119"},{"taxonomy":"product_cat","embeddable":true,"href":"https:\/\/web.editorialteide.com\/ca\/wp-json\/wp\/v2\/product_cat?post=85119"},{"taxonomy":"product_tag","embeddable":true,"href":"https:\/\/web.editorialteide.com\/ca\/wp-json\/wp\/v2\/product_tag?post=85119"}],"curies":[{"name":"wp","href":"https:\/\/api.w.org\/{rel}","templated":true}]}}