{"id":85151,"date":"2017-05-10T13:52:52","date_gmt":"2017-05-10T12:52:52","guid":{"rendered":"http:\/\/web.editorialteide.com\/producto\/la-vida-es-sueno-b-t\/"},"modified":"2026-03-02T18:50:43","modified_gmt":"2026-03-02T17:50:43","slug":"la-vida-es-sueno-b-t","status":"publish","type":"product","link":"https:\/\/web.editorialteide.com\/ca\/producte\/la-vida-es-sueno-b-t\/","title":{"rendered":"La vida es sue\u00f1o (Biblioteca Teide)"},"content":{"rendered":"<p>Ofrecemos en esta edici\u00f3n una adaptaci\u00f3n libre de \u00abLa vida es sue\u00f1o\u00bb. En ella se ha optado por realizar una adecuaci\u00f3n muy amplia de la obra de Calder\u00f3n, que ha habido que reelaborar, reconstruir y reescribir en gran parte, acomodando el texto a un verso m\u00e1s sencillo y a una lengua m\u00e1s cercana a nuestros usos; por consiguiente, muchos t\u00e9rminos y locuciones han sido ajustados a un lenguaje m\u00e1s actual. Aun as\u00ed, se ha mantenido en todo momento lo esencial del argumento y lo fundamental del contenido que late en el original.<\/p>\n<p>P\u00e1ginas: 176. Formato: 19,4 x 14,4 cm<\/p>\n","protected":false},"excerpt":{"rendered":"<p>Ofrecemos en esta edici\u00f3n una adaptaci\u00f3n libre de \u00abLa vida es sue\u00f1o\u00bb. En ella se ha optado por realizar una adecuaci\u00f3n muy amplia de la obra de Calder\u00f3n, que ha habido que reelaborar, reconstruir y reescribir en gran parte, acomodando el texto a un verso m\u00e1s sencillo y a una lengua m\u00e1s cercana a nuestros &hellip; <a href=\"https:\/\/web.editorialteide.com\/ca\/producte\/la-vida-es-sueno-b-t\/\">Llegir m\u00e9s<\/a><\/p>\n","protected":false},"featured_media":126728,"template":"","meta":{"_links_to":"","_links_to_target":""},"product_brand":[],"product_cat":[189,190,191,192,193,194,195,196,198,202,197,203,204,205,206,207,208,209,210,211],"product_tag":[],"class_list":{"0":"post-85151","1":"product","2":"type-product","3":"status-publish","4":"has-post-thumbnail","6":"product_cat-andalucia-ca","7":"product_cat-aragon-ca","8":"product_cat-canarias-ca","9":"product_cat-cantabria-ca","10":"product_cat-castilla-la-mancha-ca","11":"product_cat-castilla-y-leon-ca","12":"product_cat-catalunya-ca","13":"product_cat-ceuta-ca","14":"product_cat-comunidad-de-madrid-ca","15":"product_cat-comunidad-de-valencia-ca","16":"product_cat-comunidad-foral-de-navarra-ca","17":"product_cat-extremadura-ca","18":"product_cat-galicia-ca","19":"product_cat-illes-balears-ca","20":"product_cat-la-rioja-ca","21":"product_cat-mec-ca","22":"product_cat-melilla-ca","23":"product_cat-pais-vasco-ca","24":"product_cat-principado-de-asturias-ca","25":"product_cat-region-de-murcia-ca","26":"pa_asignatura-llengua-castellana-i-literatura-ca","27":"pa_curso-4-eso-ca","28":"pa_format-llibre-text-ca","29":"pa_idioma-catalan-ca","31":"first","32":"instock","33":"taxable","34":"shipping-taxable","35":"purchasable","36":"product-type-simple"},"_links":{"self":[{"href":"https:\/\/web.editorialteide.com\/ca\/wp-json\/wp\/v2\/product\/85151","targetHints":{"allow":["GET"]}}],"collection":[{"href":"https:\/\/web.editorialteide.com\/ca\/wp-json\/wp\/v2\/product"}],"about":[{"href":"https:\/\/web.editorialteide.com\/ca\/wp-json\/wp\/v2\/types\/product"}],"wp:featuredmedia":[{"embeddable":true,"href":"https:\/\/web.editorialteide.com\/ca\/wp-json\/wp\/v2\/media\/126728"}],"wp:attachment":[{"href":"https:\/\/web.editorialteide.com\/ca\/wp-json\/wp\/v2\/media?parent=85151"}],"wp:term":[{"taxonomy":"product_brand","embeddable":true,"href":"https:\/\/web.editorialteide.com\/ca\/wp-json\/wp\/v2\/product_brand?post=85151"},{"taxonomy":"product_cat","embeddable":true,"href":"https:\/\/web.editorialteide.com\/ca\/wp-json\/wp\/v2\/product_cat?post=85151"},{"taxonomy":"product_tag","embeddable":true,"href":"https:\/\/web.editorialteide.com\/ca\/wp-json\/wp\/v2\/product_tag?post=85151"}],"curies":[{"name":"wp","href":"https:\/\/api.w.org\/{rel}","templated":true}]}}